{"id":1571,"date":"2025-08-31T10:08:44","date_gmt":"2025-08-31T09:08:44","guid":{"rendered":"https:\/\/ggeingatlan.hu\/site\/?page_id=1571"},"modified":"2026-01-26T06:14:31","modified_gmt":"2026-01-26T05:14:31","slug":"tatabanya-liget-lakopark","status":"publish","type":"page","link":"https:\/\/ggeingatlan.hu\/site\/tatabanya-liget-lakopark\/","title":{"rendered":"Tatab\u00e1nya Liget Lak\u00f3park"},"content":{"rendered":"<div class=\"pgc-sgb-cb wp-block-pgcsimplygalleryblock-slider \" data-gallery-id=\"5ea45226\"style=&quot;min-height:400px&quot;><div class=\"sgb-preloader\" id=\"pr_5ea45226\">\n\t<div class=\"sgb-square\" style=\"background:#d4d4d4\"><\/div>\n\t<div class=\"sgb-square\" style=\"background:#d4d4d4\"><\/div>\n\t<div class=\"sgb-square\" style=\"background:#d4d4d4\"><\/div>\n\t<div class=\"sgb-square\" style=\"background:#d4d4d4\"><\/div><\/div><div class=\"simply-gallery-amp pgc_sgb_slider \"><noscript><div class=\"sgb-gallery\"><div class=\"sgb-item\"><a href=\"https:\/\/ggeingatlan.hu\/site\/tatabanya-liget-lakopark\/scene-2_1\/\" target=\"_blank\"><img decoding=\"async\" alt=\"\" width=\"300\" height=\"169\" loading=\"lazy\" src=\"https:\/\/ggeingatlan.hu\/site\/wp-content\/uploads\/2025\/08\/Scene-2_1-300x169.jpg\" srcset=\"https:\/\/ggeingatlan.hu\/site\/wp-content\/uploads\/2025\/08\/Scene-2_1-300x169.jpg 300w,https:\/\/ggeingatlan.hu\/site\/wp-content\/uploads\/2025\/08\/Scene-2_1-1024x576.jpg 1024w,https:\/\/ggeingatlan.hu\/site\/wp-content\/uploads\/2025\/08\/Scene-2_1-scaled.jpg 1920w\" sizes=\"auto, 250px\"\/><\/a><\/div><div class=\"sgb-item\"><a href=\"https:\/\/ggeingatlan.hu\/site\/tatabanya-liget-lakopark\/scene-3_1\/\" target=\"_blank\"><img decoding=\"async\" alt=\"\" width=\"300\" height=\"177\" loading=\"lazy\" src=\"https:\/\/ggeingatlan.hu\/site\/wp-content\/uploads\/2025\/08\/Scene-3_1-300x177.jpg\" srcset=\"https:\/\/ggeingatlan.hu\/site\/wp-content\/uploads\/2025\/08\/Scene-3_1-300x177.jpg 300w,https:\/\/ggeingatlan.hu\/site\/wp-content\/uploads\/2025\/08\/Scene-3_1-1024x603.jpg 1024w,https:\/\/ggeingatlan.hu\/site\/wp-content\/uploads\/2025\/08\/Scene-3_1-scaled.jpg 1833w\" sizes=\"auto, 250px\"\/><\/a><\/div><div class=\"sgb-item\"><a href=\"https:\/\/ggeingatlan.hu\/site\/tatabanya-liget-lakopark\/scene-8\/\" target=\"_blank\"><img decoding=\"async\" alt=\"\" width=\"300\" height=\"177\" loading=\"lazy\" src=\"https:\/\/ggeingatlan.hu\/site\/wp-content\/uploads\/2025\/08\/Scene-8-300x177.jpg\" srcset=\"https:\/\/ggeingatlan.hu\/site\/wp-content\/uploads\/2025\/08\/Scene-8-300x177.jpg 300w,https:\/\/ggeingatlan.hu\/site\/wp-content\/uploads\/2025\/08\/Scene-8-1024x603.jpg 1024w,https:\/\/ggeingatlan.hu\/site\/wp-content\/uploads\/2025\/08\/Scene-8-scaled.jpg 1833w\" sizes=\"auto, 250px\"\/><\/a><\/div><div class=\"sgb-item\"><a href=\"https:\/\/ggeingatlan.hu\/site\/tatabanya-liget-lakopark\/scene-9\/\" target=\"_blank\"><img decoding=\"async\" alt=\"\" width=\"300\" height=\"177\" loading=\"lazy\" src=\"https:\/\/ggeingatlan.hu\/site\/wp-content\/uploads\/2025\/08\/Scene-9-300x177.jpg\" srcset=\"https:\/\/ggeingatlan.hu\/site\/wp-content\/uploads\/2025\/08\/Scene-9-300x177.jpg 300w,https:\/\/ggeingatlan.hu\/site\/wp-content\/uploads\/2025\/08\/Scene-9-1024x603.jpg 1024w,https:\/\/ggeingatlan.hu\/site\/wp-content\/uploads\/2025\/08\/Scene-9-scaled.jpg 1833w\" sizes=\"auto, 250px\"\/><\/a><\/div><div class=\"sgb-item\"><a href=\"https:\/\/ggeingatlan.hu\/site\/tatabanya-liget-lakopark\/scene-10\/\" target=\"_blank\"><img decoding=\"async\" alt=\"\" width=\"300\" height=\"169\" loading=\"lazy\" src=\"https:\/\/ggeingatlan.hu\/site\/wp-content\/uploads\/2025\/08\/Scene-10-300x169.jpg\" srcset=\"https:\/\/ggeingatlan.hu\/site\/wp-content\/uploads\/2025\/08\/Scene-10-300x169.jpg 300w,https:\/\/ggeingatlan.hu\/site\/wp-content\/uploads\/2025\/08\/Scene-10-1024x576.jpg 1024w,https:\/\/ggeingatlan.hu\/site\/wp-content\/uploads\/2025\/08\/Scene-10-scaled.jpg 1920w\" sizes=\"auto, 250px\"\/><\/a><\/div><div class=\"sgb-item\"><a href=\"https:\/\/ggeingatlan.hu\/site\/tatabanya-liget-lakopark\/scene-28\/\" target=\"_blank\"><img decoding=\"async\" alt=\"\" width=\"300\" height=\"177\" loading=\"lazy\" src=\"https:\/\/ggeingatlan.hu\/site\/wp-content\/uploads\/2025\/08\/Scene-28-300x177.jpg\" srcset=\"https:\/\/ggeingatlan.hu\/site\/wp-content\/uploads\/2025\/08\/Scene-28-300x177.jpg 300w,https:\/\/ggeingatlan.hu\/site\/wp-content\/uploads\/2025\/08\/Scene-28-1024x603.jpg 1024w,https:\/\/ggeingatlan.hu\/site\/wp-content\/uploads\/2025\/08\/Scene-28-scaled.jpg 1833w\" sizes=\"auto, 250px\"\/><\/a><\/div><div class=\"sgb-item\"><a href=\"https:\/\/ggeingatlan.hu\/site\/tatabanya-liget-lakopark\/scene-29\/\" target=\"_blank\"><img decoding=\"async\" alt=\"\" width=\"300\" height=\"177\" loading=\"lazy\" src=\"https:\/\/ggeingatlan.hu\/site\/wp-content\/uploads\/2025\/08\/Scene-29-300x177.jpg\" srcset=\"https:\/\/ggeingatlan.hu\/site\/wp-content\/uploads\/2025\/08\/Scene-29-300x177.jpg 300w,https:\/\/ggeingatlan.hu\/site\/wp-content\/uploads\/2025\/08\/Scene-29-1024x603.jpg 1024w,https:\/\/ggeingatlan.hu\/site\/wp-content\/uploads\/2025\/08\/Scene-29-scaled.jpg 1833w\" sizes=\"auto, 250px\"\/><\/a><\/div><div class=\"sgb-item\"><a href=\"https:\/\/ggeingatlan.hu\/site\/tatabanya-liget-lakopark\/scene-30\/\" target=\"_blank\"><img decoding=\"async\" alt=\"\" width=\"300\" height=\"177\" loading=\"lazy\" src=\"https:\/\/ggeingatlan.hu\/site\/wp-content\/uploads\/2025\/08\/Scene-30-300x177.jpg\" srcset=\"https:\/\/ggeingatlan.hu\/site\/wp-content\/uploads\/2025\/08\/Scene-30-300x177.jpg 300w,https:\/\/ggeingatlan.hu\/site\/wp-content\/uploads\/2025\/08\/Scene-30-1024x603.jpg 1024w,https:\/\/ggeingatlan.hu\/site\/wp-content\/uploads\/2025\/08\/Scene-30-scaled.jpg 1833w\" sizes=\"auto, 250px\"\/><\/a><\/div><div class=\"sgb-item\"><a href=\"https:\/\/ggeingatlan.hu\/site\/tatabanya-liget-lakopark\/scene-31\/\" target=\"_blank\"><img decoding=\"async\" alt=\"\" width=\"300\" height=\"177\" loading=\"lazy\" src=\"https:\/\/ggeingatlan.hu\/site\/wp-content\/uploads\/2025\/08\/Scene-31-300x177.jpg\" srcset=\"https:\/\/ggeingatlan.hu\/site\/wp-content\/uploads\/2025\/08\/Scene-31-300x177.jpg 300w,https:\/\/ggeingatlan.hu\/site\/wp-content\/uploads\/2025\/08\/Scene-31-1024x603.jpg 1024w,https:\/\/ggeingatlan.hu\/site\/wp-content\/uploads\/2025\/08\/Scene-31-scaled.jpg 1833w\" sizes=\"auto, 250px\"\/><\/a><\/div><div class=\"sgb-item\"><a href=\"https:\/\/ggeingatlan.hu\/site\/tatabanya-liget-lakopark\/scene-32\/\" target=\"_blank\"><img decoding=\"async\" alt=\"\" width=\"300\" height=\"177\" loading=\"lazy\" src=\"https:\/\/ggeingatlan.hu\/site\/wp-content\/uploads\/2025\/08\/Scene-32-300x177.jpg\" srcset=\"https:\/\/ggeingatlan.hu\/site\/wp-content\/uploads\/2025\/08\/Scene-32-300x177.jpg 300w,https:\/\/ggeingatlan.hu\/site\/wp-content\/uploads\/2025\/08\/Scene-32-1024x603.jpg 1024w,https:\/\/ggeingatlan.hu\/site\/wp-content\/uploads\/2025\/08\/Scene-32-scaled.jpg 1833w\" sizes=\"auto, 250px\"\/><\/a><\/div><\/div><\/noscript><\/div><script type=\"application\/json\" class=\"sgb-data\">{\"sliderAdminWidth\":650,\"collectionColumns\":1,\"galleryType\":\"pgc_sgb_slider\",\"galleryId\":\"5ea45226\",\"images\":[{\"id\":1573,\"title\":\"Scene 2_1\",\"url\":\"https:\/\/ggeingatlan.hu\/site\/wp-content\/uploads\/2025\/08\/Scene-2_1-scaled.jpg\",\"link\":\"https:\/\/ggeingatlan.hu\/site\/tatabanya-liget-lakopark\/scene-2_1\/\",\"alt\":\"\",\"description\":\"\",\"caption\":\"\",\"mime\":\"image\/jpeg\",\"type\":\"image\",\"width\":1920,\"height\":1080,\"sizes\":{\"thumbnail\":{\"height\":150,\"width\":150,\"url\":\"https:\/\/ggeingatlan.hu\/site\/wp-content\/uploads\/2025\/08\/Scene-2_1-150x150.jpg\",\"orientation\":\"landscape\"},\"medium\":{\"height\":169,\"width\":300,\"url\":\"https:\/\/ggeingatlan.hu\/site\/wp-content\/uploads\/2025\/08\/Scene-2_1-300x169.jpg\",\"orientation\":\"landscape\"},\"large\":{\"height\":576,\"width\":1024,\"url\":\"https:\/\/ggeingatlan.hu\/site\/wp-content\/uploads\/2025\/08\/Scene-2_1-1024x576.jpg\",\"orientation\":\"landscape\"},\"full\":{\"url\":\"https:\/\/ggeingatlan.hu\/site\/wp-content\/uploads\/2025\/08\/Scene-2_1-scaled.jpg\",\"height\":1080,\"width\":1920,\"orientation\":\"landscape\"}},\"imageMeta\":{\"aperture\":\"0\",\"credit\":\"\",\"camera\":\"\",\"caption\":\"\",\"created_timestamp\":\"0\",\"copyright\":\"\",\"focal_length\":\"0\",\"iso\":\"0\",\"shutter_speed\":\"0\",\"title\":\"\",\"orientation\":\"0\",\"keywords\":[]},\"meta\":false,\"postlink\":\"https:\/\/ggeingatlan.hu\/site\/tatabanya-liget-lakopark\/scene-2_1\/\"},{\"id\":1574,\"title\":\"Scene 3_1\",\"url\":\"https:\/\/ggeingatlan.hu\/site\/wp-content\/uploads\/2025\/08\/Scene-3_1-scaled.jpg\",\"link\":\"https:\/\/ggeingatlan.hu\/site\/tatabanya-liget-lakopark\/scene-3_1\/\",\"alt\":\"\",\"description\":\"\",\"caption\":\"\",\"mime\":\"image\/jpeg\",\"type\":\"image\",\"width\":1833,\"height\":1080,\"sizes\":{\"thumbnail\":{\"height\":150,\"width\":150,\"url\":\"https:\/\/ggeingatlan.hu\/site\/wp-content\/uploads\/2025\/08\/Scene-3_1-150x150.jpg\",\"orientation\":\"landscape\"},\"medium\":{\"height\":177,\"width\":300,\"url\":\"https:\/\/ggeingatlan.hu\/site\/wp-content\/uploads\/2025\/08\/Scene-3_1-300x177.jpg\",\"orientation\":\"landscape\"},\"large\":{\"height\":603,\"width\":1024,\"url\":\"https:\/\/ggeingatlan.hu\/site\/wp-content\/uploads\/2025\/08\/Scene-3_1-1024x603.jpg\",\"orientation\":\"landscape\"},\"full\":{\"url\":\"https:\/\/ggeingatlan.hu\/site\/wp-content\/uploads\/2025\/08\/Scene-3_1-scaled.jpg\",\"height\":1080,\"width\":1833,\"orientation\":\"landscape\"}},\"imageMeta\":{\"aperture\":\"0\",\"credit\":\"\",\"camera\":\"\",\"caption\":\"\",\"created_timestamp\":\"0\",\"copyright\":\"\",\"focal_length\":\"0\",\"iso\":\"0\",\"shutter_speed\":\"0\",\"title\":\"\",\"orientation\":\"0\",\"keywords\":[]},\"meta\":false,\"postlink\":\"https:\/\/ggeingatlan.hu\/site\/tatabanya-liget-lakopark\/scene-3_1\/\"},{\"id\":1575,\"title\":\"Scene 8\",\"url\":\"https:\/\/ggeingatlan.hu\/site\/wp-content\/uploads\/2025\/08\/Scene-8-scaled.jpg\",\"link\":\"https:\/\/ggeingatlan.hu\/site\/tatabanya-liget-lakopark\/scene-8\/\",\"alt\":\"\",\"description\":\"\",\"caption\":\"\",\"mime\":\"image\/jpeg\",\"type\":\"image\",\"width\":1833,\"height\":1080,\"sizes\":{\"thumbnail\":{\"height\":150,\"width\":150,\"url\":\"https:\/\/ggeingatlan.hu\/site\/wp-content\/uploads\/2025\/08\/Scene-8-150x150.jpg\",\"orientation\":\"landscape\"},\"medium\":{\"height\":177,\"width\":300,\"url\":\"https:\/\/ggeingatlan.hu\/site\/wp-content\/uploads\/2025\/08\/Scene-8-300x177.jpg\",\"orientation\":\"landscape\"},\"large\":{\"height\":603,\"width\":1024,\"url\":\"https:\/\/ggeingatlan.hu\/site\/wp-content\/uploads\/2025\/08\/Scene-8-1024x603.jpg\",\"orientation\":\"landscape\"},\"full\":{\"url\":\"https:\/\/ggeingatlan.hu\/site\/wp-content\/uploads\/2025\/08\/Scene-8-scaled.jpg\",\"height\":1080,\"width\":1833,\"orientation\":\"landscape\"}},\"imageMeta\":{\"aperture\":\"0\",\"credit\":\"\",\"camera\":\"\",\"caption\":\"\",\"created_timestamp\":\"0\",\"copyright\":\"\",\"focal_length\":\"0\",\"iso\":\"0\",\"shutter_speed\":\"0\",\"title\":\"\",\"orientation\":\"0\",\"keywords\":[]},\"meta\":false,\"postlink\":\"https:\/\/ggeingatlan.hu\/site\/tatabanya-liget-lakopark\/scene-8\/\"},{\"id\":1576,\"title\":\"Scene 9\",\"url\":\"https:\/\/ggeingatlan.hu\/site\/wp-content\/uploads\/2025\/08\/Scene-9-scaled.jpg\",\"link\":\"https:\/\/ggeingatlan.hu\/site\/tatabanya-liget-lakopark\/scene-9\/\",\"alt\":\"\",\"description\":\"\",\"caption\":\"\",\"mime\":\"image\/jpeg\",\"type\":\"image\",\"width\":1833,\"height\":1080,\"sizes\":{\"thumbnail\":{\"height\":150,\"width\":150,\"url\":\"https:\/\/ggeingatlan.hu\/site\/wp-content\/uploads\/2025\/08\/Scene-9-150x150.jpg\",\"orientation\":\"landscape\"},\"medium\":{\"height\":177,\"width\":300,\"url\":\"https:\/\/ggeingatlan.hu\/site\/wp-content\/uploads\/2025\/08\/Scene-9-300x177.jpg\",\"orientation\":\"landscape\"},\"large\":{\"height\":603,\"width\":1024,\"url\":\"https:\/\/ggeingatlan.hu\/site\/wp-content\/uploads\/2025\/08\/Scene-9-1024x603.jpg\",\"orientation\":\"landscape\"},\"full\":{\"url\":\"https:\/\/ggeingatlan.hu\/site\/wp-content\/uploads\/2025\/08\/Scene-9-scaled.jpg\",\"height\":1080,\"width\":1833,\"orientation\":\"landscape\"}},\"imageMeta\":{\"aperture\":\"0\",\"credit\":\"\",\"camera\":\"\",\"caption\":\"\",\"created_timestamp\":\"0\",\"copyright\":\"\",\"focal_length\":\"0\",\"iso\":\"0\",\"shutter_speed\":\"0\",\"title\":\"\",\"orientation\":\"0\",\"keywords\":[]},\"meta\":false,\"postlink\":\"https:\/\/ggeingatlan.hu\/site\/tatabanya-liget-lakopark\/scene-9\/\"},{\"id\":1577,\"title\":\"Scene 10\",\"url\":\"https:\/\/ggeingatlan.hu\/site\/wp-content\/uploads\/2025\/08\/Scene-10-scaled.jpg\",\"link\":\"https:\/\/ggeingatlan.hu\/site\/tatabanya-liget-lakopark\/scene-10\/\",\"alt\":\"\",\"description\":\"\",\"caption\":\"\",\"mime\":\"image\/jpeg\",\"type\":\"image\",\"width\":1920,\"height\":1080,\"sizes\":{\"thumbnail\":{\"height\":150,\"width\":150,\"url\":\"https:\/\/ggeingatlan.hu\/site\/wp-content\/uploads\/2025\/08\/Scene-10-150x150.jpg\",\"orientation\":\"landscape\"},\"medium\":{\"height\":169,\"width\":300,\"url\":\"https:\/\/ggeingatlan.hu\/site\/wp-content\/uploads\/2025\/08\/Scene-10-300x169.jpg\",\"orientation\":\"landscape\"},\"large\":{\"height\":576,\"width\":1024,\"url\":\"https:\/\/ggeingatlan.hu\/site\/wp-content\/uploads\/2025\/08\/Scene-10-1024x576.jpg\",\"orientation\":\"landscape\"},\"full\":{\"url\":\"https:\/\/ggeingatlan.hu\/site\/wp-content\/uploads\/2025\/08\/Scene-10-scaled.jpg\",\"height\":1080,\"width\":1920,\"orientation\":\"landscape\"}},\"imageMeta\":{\"aperture\":\"0\",\"credit\":\"\",\"camera\":\"\",\"caption\":\"\",\"created_timestamp\":\"0\",\"copyright\":\"\",\"focal_length\":\"0\",\"iso\":\"0\",\"shutter_speed\":\"0\",\"title\":\"\",\"orientation\":\"0\",\"keywords\":[]},\"meta\":false,\"postlink\":\"https:\/\/ggeingatlan.hu\/site\/tatabanya-liget-lakopark\/scene-10\/\"},{\"id\":1578,\"title\":\"Scene 28\",\"url\":\"https:\/\/ggeingatlan.hu\/site\/wp-content\/uploads\/2025\/08\/Scene-28-scaled.jpg\",\"link\":\"https:\/\/ggeingatlan.hu\/site\/tatabanya-liget-lakopark\/scene-28\/\",\"alt\":\"\",\"description\":\"\",\"caption\":\"\",\"mime\":\"image\/jpeg\",\"type\":\"image\",\"width\":1833,\"height\":1080,\"sizes\":{\"thumbnail\":{\"height\":150,\"width\":150,\"url\":\"https:\/\/ggeingatlan.hu\/site\/wp-content\/uploads\/2025\/08\/Scene-28-150x150.jpg\",\"orientation\":\"landscape\"},\"medium\":{\"height\":177,\"width\":300,\"url\":\"https:\/\/ggeingatlan.hu\/site\/wp-content\/uploads\/2025\/08\/Scene-28-300x177.jpg\",\"orientation\":\"landscape\"},\"large\":{\"height\":603,\"width\":1024,\"url\":\"https:\/\/ggeingatlan.hu\/site\/wp-content\/uploads\/2025\/08\/Scene-28-1024x603.jpg\",\"orientation\":\"landscape\"},\"full\":{\"url\":\"https:\/\/ggeingatlan.hu\/site\/wp-content\/uploads\/2025\/08\/Scene-28-scaled.jpg\",\"height\":1080,\"width\":1833,\"orientation\":\"landscape\"}},\"imageMeta\":{\"aperture\":\"0\",\"credit\":\"\",\"camera\":\"\",\"caption\":\"\",\"created_timestamp\":\"0\",\"copyright\":\"\",\"focal_length\":\"0\",\"iso\":\"0\",\"shutter_speed\":\"0\",\"title\":\"\",\"orientation\":\"0\",\"keywords\":[]},\"meta\":false,\"postlink\":\"https:\/\/ggeingatlan.hu\/site\/tatabanya-liget-lakopark\/scene-28\/\"},{\"id\":1579,\"title\":\"Scene 29\",\"url\":\"https:\/\/ggeingatlan.hu\/site\/wp-content\/uploads\/2025\/08\/Scene-29-scaled.jpg\",\"link\":\"https:\/\/ggeingatlan.hu\/site\/tatabanya-liget-lakopark\/scene-29\/\",\"alt\":\"\",\"description\":\"\",\"caption\":\"\",\"mime\":\"image\/jpeg\",\"type\":\"image\",\"width\":1833,\"height\":1080,\"sizes\":{\"thumbnail\":{\"height\":150,\"width\":150,\"url\":\"https:\/\/ggeingatlan.hu\/site\/wp-content\/uploads\/2025\/08\/Scene-29-150x150.jpg\",\"orientation\":\"landscape\"},\"medium\":{\"height\":177,\"width\":300,\"url\":\"https:\/\/ggeingatlan.hu\/site\/wp-content\/uploads\/2025\/08\/Scene-29-300x177.jpg\",\"orientation\":\"landscape\"},\"large\":{\"height\":603,\"width\":1024,\"url\":\"https:\/\/ggeingatlan.hu\/site\/wp-content\/uploads\/2025\/08\/Scene-29-1024x603.jpg\",\"orientation\":\"landscape\"},\"full\":{\"url\":\"https:\/\/ggeingatlan.hu\/site\/wp-content\/uploads\/2025\/08\/Scene-29-scaled.jpg\",\"height\":1080,\"width\":1833,\"orientation\":\"landscape\"}},\"imageMeta\":{\"aperture\":\"0\",\"credit\":\"\",\"camera\":\"\",\"caption\":\"\",\"created_timestamp\":\"0\",\"copyright\":\"\",\"focal_length\":\"0\",\"iso\":\"0\",\"shutter_speed\":\"0\",\"title\":\"\",\"orientation\":\"0\",\"keywords\":[]},\"meta\":false,\"postlink\":\"https:\/\/ggeingatlan.hu\/site\/tatabanya-liget-lakopark\/scene-29\/\"},{\"id\":1580,\"title\":\"Scene 30\",\"url\":\"https:\/\/ggeingatlan.hu\/site\/wp-content\/uploads\/2025\/08\/Scene-30-scaled.jpg\",\"link\":\"https:\/\/ggeingatlan.hu\/site\/tatabanya-liget-lakopark\/scene-30\/\",\"alt\":\"\",\"description\":\"\",\"caption\":\"\",\"mime\":\"image\/jpeg\",\"type\":\"image\",\"width\":1833,\"height\":1080,\"sizes\":{\"thumbnail\":{\"height\":150,\"width\":150,\"url\":\"https:\/\/ggeingatlan.hu\/site\/wp-content\/uploads\/2025\/08\/Scene-30-150x150.jpg\",\"orientation\":\"landscape\"},\"medium\":{\"height\":177,\"width\":300,\"url\":\"https:\/\/ggeingatlan.hu\/site\/wp-content\/uploads\/2025\/08\/Scene-30-300x177.jpg\",\"orientation\":\"landscape\"},\"large\":{\"height\":603,\"width\":1024,\"url\":\"https:\/\/ggeingatlan.hu\/site\/wp-content\/uploads\/2025\/08\/Scene-30-1024x603.jpg\",\"orientation\":\"landscape\"},\"full\":{\"url\":\"https:\/\/ggeingatlan.hu\/site\/wp-content\/uploads\/2025\/08\/Scene-30-scaled.jpg\",\"height\":1080,\"width\":1833,\"orientation\":\"landscape\"}},\"imageMeta\":{\"aperture\":\"0\",\"credit\":\"\",\"camera\":\"\",\"caption\":\"\",\"created_timestamp\":\"0\",\"copyright\":\"\",\"focal_length\":\"0\",\"iso\":\"0\",\"shutter_speed\":\"0\",\"title\":\"\",\"orientation\":\"0\",\"keywords\":[]},\"meta\":false,\"postlink\":\"https:\/\/ggeingatlan.hu\/site\/tatabanya-liget-lakopark\/scene-30\/\"},{\"id\":1581,\"title\":\"Scene 31\",\"url\":\"https:\/\/ggeingatlan.hu\/site\/wp-content\/uploads\/2025\/08\/Scene-31-scaled.jpg\",\"link\":\"https:\/\/ggeingatlan.hu\/site\/tatabanya-liget-lakopark\/scene-31\/\",\"alt\":\"\",\"description\":\"\",\"caption\":\"\",\"mime\":\"image\/jpeg\",\"type\":\"image\",\"width\":1833,\"height\":1080,\"sizes\":{\"thumbnail\":{\"height\":150,\"width\":150,\"url\":\"https:\/\/ggeingatlan.hu\/site\/wp-content\/uploads\/2025\/08\/Scene-31-150x150.jpg\",\"orientation\":\"landscape\"},\"medium\":{\"height\":177,\"width\":300,\"url\":\"https:\/\/ggeingatlan.hu\/site\/wp-content\/uploads\/2025\/08\/Scene-31-300x177.jpg\",\"orientation\":\"landscape\"},\"large\":{\"height\":603,\"width\":1024,\"url\":\"https:\/\/ggeingatlan.hu\/site\/wp-content\/uploads\/2025\/08\/Scene-31-1024x603.jpg\",\"orientation\":\"landscape\"},\"full\":{\"url\":\"https:\/\/ggeingatlan.hu\/site\/wp-content\/uploads\/2025\/08\/Scene-31-scaled.jpg\",\"height\":1080,\"width\":1833,\"orientation\":\"landscape\"}},\"imageMeta\":{\"aperture\":\"0\",\"credit\":\"\",\"camera\":\"\",\"caption\":\"\",\"created_timestamp\":\"0\",\"copyright\":\"\",\"focal_length\":\"0\",\"iso\":\"0\",\"shutter_speed\":\"0\",\"title\":\"\",\"orientation\":\"0\",\"keywords\":[]},\"meta\":false,\"postlink\":\"https:\/\/ggeingatlan.hu\/site\/tatabanya-liget-lakopark\/scene-31\/\"},{\"id\":1582,\"title\":\"Scene 32\",\"url\":\"https:\/\/ggeingatlan.hu\/site\/wp-content\/uploads\/2025\/08\/Scene-32-scaled.jpg\",\"link\":\"https:\/\/ggeingatlan.hu\/site\/tatabanya-liget-lakopark\/scene-32\/\",\"alt\":\"\",\"description\":\"\",\"caption\":\"\",\"mime\":\"image\/jpeg\",\"type\":\"image\",\"width\":1833,\"height\":1080,\"sizes\":{\"thumbnail\":{\"height\":150,\"width\":150,\"url\":\"https:\/\/ggeingatlan.hu\/site\/wp-content\/uploads\/2025\/08\/Scene-32-150x150.jpg\",\"orientation\":\"landscape\"},\"medium\":{\"height\":177,\"width\":300,\"url\":\"https:\/\/ggeingatlan.hu\/site\/wp-content\/uploads\/2025\/08\/Scene-32-300x177.jpg\",\"orientation\":\"landscape\"},\"large\":{\"height\":603,\"width\":1024,\"url\":\"https:\/\/ggeingatlan.hu\/site\/wp-content\/uploads\/2025\/08\/Scene-32-1024x603.jpg\",\"orientation\":\"landscape\"},\"full\":{\"url\":\"https:\/\/ggeingatlan.hu\/site\/wp-content\/uploads\/2025\/08\/Scene-32-scaled.jpg\",\"height\":1080,\"width\":1833,\"orientation\":\"landscape\"}},\"imageMeta\":{\"aperture\":\"0\",\"credit\":\"\",\"camera\":\"\",\"caption\":\"\",\"created_timestamp\":\"0\",\"copyright\":\"\",\"focal_length\":\"0\",\"iso\":\"0\",\"shutter_speed\":\"0\",\"title\":\"\",\"orientation\":\"0\",\"keywords\":[]},\"meta\":false,\"postlink\":\"https:\/\/ggeingatlan.hu\/site\/tatabanya-liget-lakopark\/scene-32\/\"}],\"itemsMetaDataCollection\":[]}<\/script><script>(function(){if(window.PGC_SGB && window.PGC_SGB.searcher){window.PGC_SGB.searcher.initBlocks()}})()<\/script><\/div>\n\n\n<p><strong>Liget Lak\u00f3park \u2013 Min\u0151s\u00e9g kompromisszumok n\u00e9lk\u00fcl<\/strong><\/p>\n\n\n\n<p>A <strong>Liget Lak\u00f3park<\/strong> Tatab\u00e1nya <em>Kertv\u00e1ros<\/em> v\u00e1rosr\u00e9sz\u00e9ben \u00e9p\u00fcl, egyed\u00fcl\u00e1ll\u00f3 m\u00f3don \u00f6tv\u00f6zve a term\u00e9szetk\u00f6zeli \u00e9let\u00e9rz\u00e9st \u00e9s a modern v\u00e1rosi k\u00e9nyelmet. A t\u00f6bb \u00fctemben megval\u00f3sul\u00f3 beruh\u00e1z\u00e1s <strong>k\u00f6zel 20.000 m\u00b2-es<\/strong> ter\u00fcleten helyezkedik el, amelyb\u0151l <strong>50% z\u00f6ldfel\u00fclet<\/strong> ker\u00fcl kialak\u00edt\u00e1sra \u2013 ez p\u00e1ratlan ar\u00e1ny a t\u00e9rs\u00e9g \u00faj\u00e9p\u00edt\u00e9s\u0171 projektjei k\u00f6z\u00f6tt.<\/p>\n\n\n\n<p><strong>\ud83c\udf3f<\/strong><strong> A term\u00e9szet \u00f6lel\u00e9s\u00e9ben<\/strong><\/p>\n\n\n\n<p>A lak\u00f3park igazi v\u00e1rosi o\u00e1zis: parkos\u00edtott udvarok, f\u00e1kkal \u00e9s vir\u00e1goskertekkel szeg\u00e9lyezett s\u00e9t\u00e1nyok, innovat\u00edv f\u00f6ldfelsz\u00edn alatti parkol\u00f3k, valamint k\u00f6z\u00f6ss\u00e9gi terek biztos\u00edtj\u00e1k a nyugodt, eg\u00e9szs\u00e9ges \u00e9letet. A Gerecse k\u00f6zels\u00e9ge, valamint a szell\u0151s \u00e9p\u00fcletrendez\u00e9s leny\u0171g\u00f6z\u0151 panor\u00e1m\u00e1t \u00e9s term\u00e9szetk\u00f6zeli \u00e9letst\u00edlust garant\u00e1l.<\/p>\n\n\n\n<p><strong>\ud83c\udfe1<\/strong><strong> Lak\u00e1sok minden \u00e9lethelyzetre<\/strong><\/p>\n\n\n\n<p>A projekt t\u00f6bb mint <strong>200 lak\u00e1ssal<\/strong> val\u00f3sul meg, a <strong>28 m\u00b2-es st\u00fadi\u00f3kt\u00f3l<\/strong> kezdve eg\u00e9szen a <strong>90 m\u00b2-es csal\u00e1di otthonokig<\/strong>. A lak\u00e1sok kialak\u00edt\u00e1s\u00e1n\u00e1l a funkcionalit\u00e1s \u00e9s az \u00e9lhet\u0151s\u00e9g volt az els\u0151dleges szempont. A <strong>t\u00e1gas erk\u00e9lyek<\/strong>, <strong>nagy \u00fcvegfel\u00fcletek<\/strong>, valamint a letisztult, modern homlokzat mind hozz\u00e1j\u00e1rulnak az eleg\u00e1ns, id\u0151t\u00e1ll\u00f3 megjelen\u00e9shez.<\/p>\n\n\n\n<p><strong>\u2699\ufe0f<\/strong><strong> Energiatudatos megold\u00e1sok<\/strong><\/p>\n\n\n\n<p>A Liget Lak\u00f3park a <strong>fenntarthat\u00f3 \u00e9p\u00edt\u00e9szet<\/strong> elveit k\u00f6veti. A beruh\u00e1z\u00e1s sor\u00e1n kiemelt figyelmet kapnak az <strong>energiatakar\u00e9kos megold\u00e1sok<\/strong>:<\/p>\n\n\n\n<ul class=\"wp-block-list\">\n<li>korszer\u0171 h\u0151szigetel\u00e9s<\/li>\n\n\n\n<li>energiahat\u00e9kony f\u0171t\u00e9si-h\u0171t\u00e9si rendszerek<\/li>\n\n\n\n<li>Okos otthon megold\u00e1sok<\/li>\n\n\n\n<li>Elektromos aut\u00f3t\u00f6lt\u00e9s lehet\u0151s\u00e9ge<\/li>\n\n\n\n<li>alacsony fenntart\u00e1si k\u00f6lts\u00e9gek<\/li>\n\n\n\n<li>A+ energetikai besorol\u00e1s<\/li>\n<\/ul>\n\n\n\n<p><strong>\ud83d\udcbc<\/strong><strong> Teljes k\u00f6r\u0171 \u00fcgyint\u00e9z\u00e9s<\/strong><\/p>\n\n\n\n<p>A v\u00e1s\u00e1rl\u00f3k k\u00e9nyelm\u00e9t szolg\u00e1lja a projekt sor\u00e1n biztos\u00edtott <strong>teljes k\u00f6r\u0171 \u00fcgyint\u00e9z\u00e9s<\/strong>:<\/p>\n\n\n\n<ul class=\"wp-block-list\">\n<li><strong>Bankf\u00fcggetlen hitel\u00fcgyint\u00e9z\u00e9s<\/strong><\/li>\n\n\n\n<li><strong>CSOK Plusz, Otthon Start t\u00e1mogat\u00e1sok<\/strong><\/li>\n\n\n\n<li>szem\u00e9lyre szabott tan\u00e1csad\u00e1s \u00e9s jogi h\u00e1tt\u00e9r<\/li>\n<\/ul>\n\n\n\n<p><strong>\ud83c\udfd7<\/strong><strong> Megb\u00edzhat\u00f3 beruh\u00e1z\u00f3 a h\u00e1tt\u00e9rben<\/strong><\/p>\n\n\n\n<p>A Liget Lak\u00f3park m\u00f6g\u00f6tt a <strong>GGE Invest Kft<\/strong> \u00e1ll \u2013 a <em>Grand Global Exper Kft t<\/em>, amely t\u00f6bb sz\u00e1z sikeres fejleszt\u00e9ssel a h\u00e1ta m\u00f6g\u00f6tt v\u00e1lt ismertt\u00e9. A n\u00e9v garancia a <strong>megb\u00edzhat\u00f3s\u00e1gra<\/strong>, a <strong>prec\u00edz kivitelez\u00e9sre<\/strong> \u00e9s a <strong>piack\u00e9pes \u00e9rt\u00e9k\u00e1ll\u00f3s\u00e1gra<\/strong>.<\/p>\n\n\n\n<div class=\"wp-block-group has-global-padding is-layout-constrained wp-block-group-is-layout-constrained\">\n<div class=\"wp-block-group has-global-padding is-layout-constrained wp-block-group-is-layout-constrained\">\n<p>\ud83d\udcde <strong>\u00c9rdekl\u0151dj most, ne maradj le a legjobb lak\u00e1sokr\u00f3l!<\/strong><\/p>\n\n\n\n<p>Telefon: +36-20\/287-5432<\/p>\n\n\n\n<p>E-mail: liget@globalotthon.hu<br><\/p>\n<\/div>\n<\/div>\n\n\n\n<div class=\"wp-block-buttons is-content-justification-center is-layout-flex wp-container-core-buttons-is-layout-a89b3969 wp-block-buttons-is-layout-flex\">\n<div class=\"wp-block-button\"><a class=\"wp-block-button__link wp-element-button\" href=\"https:\/\/ggeingatlan.hu\/site\/wp-content\/uploads\/2025\/09\/Latvanyterv-katalogus.pdf\">L\u00e1tv\u00e1nytervek<\/a><\/div>\n<\/div>\n\n\n\n<div class=\"wp-block-buttons is-content-justification-center is-layout-flex wp-container-core-buttons-is-layout-1fb448e7 wp-block-buttons-is-layout-flex\">\n<div class=\"wp-block-button\"><a class=\"wp-block-button__link has-text-align-center wp-element-button\" href=\"https:\/\/ggeingatlan.hu\/site\/wp-content\/uploads\/2025\/08\/muszaki-tartalom_Tatabanya_tarsashaz-kulcsrakesz_altalanos_20250827.doc\">M\u0171szaki tartalom<\/a><\/div>\n<\/div>\n\n\n\n<p><strong>Pr\u00e9mium kivitelez\u00e9s, kompromisszumok n\u00e9lk\u00fcl<\/strong><\/p>\n\n\n\n<p>A <em>Liget Lak\u00f3park<\/em> lak\u00e1sai a legmodernebb \u00e9p\u00edt\u00e9szeti \u00e9s g\u00e9p\u00e9szeti megold\u00e1sokkal k\u00e9sz\u00fclnek, a min\u0151s\u00e9g \u00e9s a fenntarthat\u00f3s\u00e1g jegy\u00e9ben:<\/p>\n\n\n\n<ul class=\"wp-block-list\">\n<li><strong>3 r\u00e9teg\u0171, h\u0151szigetelt ny\u00edl\u00e1sz\u00e1r\u00f3k (REHAU \/ K\u00d6MMERLING)<\/strong><\/li>\n\n\n\n<li><strong>15 cm vastag homlokzati h\u0151szigetel\u00e9s<\/strong> a leg\u00fajabb h\u0151technikai szabv\u00e1nyok szerint<\/li>\n\n\n\n<li><strong>Padl\u00f3f\u0171t\u00e9s \u00e9s h\u0151szivatty\u00fas f\u0171t\u00e9s-h\u0171t\u00e9s rendszer<\/strong><\/li>\n\n\n\n<li><strong>Fan-coil h\u0171t\u00e9s el\u0151k\u00e9sz\u00edt\u00e9s<\/strong> minden lak\u00e1sban<\/li>\n\n\n\n<li><strong>Okosotthon-kompatibilis villamosh\u00e1l\u00f3zat<\/strong> (Google Nest el\u0151k\u00e9sz\u00edt\u00e9se)<\/li>\n\n\n\n<li><strong>Letisztult, modern burkolatok \u00e9s belt\u00e9ri ajt\u00f3k pr\u00e9mium v\u00e1laszt\u00e9kb\u00f3l<\/strong><\/li>\n<\/ul>\n\n\n\n<p>A lak\u00e1sok kulcsrak\u00e9szen, <strong>nett\u00f3 n\u00e9gyzetm\u00e9ter<\/strong> alapon ker\u00fclnek \u00e9rt\u00e9kes\u00edt\u00e9sre \u2013 <strong>nem kell fizetnie a falak vastags\u00e1g\u00e1\u00e9rt.<\/strong><\/p>\n\n\n\n<div class=\"wp-block-buttons is-content-justification-center is-layout-flex wp-container-core-buttons-is-layout-a89b3969 wp-block-buttons-is-layout-flex\">\n<div class=\"wp-block-button\"><a class=\"wp-block-button__link wp-element-button\" href=\"https:\/\/ggeingatlan.hu\/site\/tatabanya-liget-lakopark\/\">T\u00edpustervek<\/a><\/div>\n<\/div>\n\n\n\n<p><strong>\ud83c\udfa8V\u00e1laszthat\u00f3 st\u00edlus <\/strong><\/p>\n\n\n\n<p>Lak\u00e1sainkat <strong>el\u0151re kidolgozott t\u00edpustervek alapj\u00e1n<\/strong> k\u00e9sz\u00edtj\u00fck el kulcsrak\u00e9szen, h\u00e1rom st\u00edlusir\u00e1nyzat szerint:<\/p>\n\n\n\n<ul class=\"wp-block-list\">\n<li><strong>Modern Minimal<\/strong><\/li>\n\n\n\n<li><strong>Boho<\/strong><\/li>\n\n\n\n<li><strong>(Neo)Klasszikus<\/strong><\/li>\n<\/ul>\n\n\n\n<p>A t\u00edpusterveket <strong>lakberendez\u0151 \u00e9s bels\u0151\u00e9p\u00edt\u00e9sz<\/strong> \u00e1ll\u00edtotta \u00f6ssze, professzion\u00e1lis l\u00e1tv\u00e1nytervekkel, m\u00e9retezett alaprajzokkal, burkolat- \u00e9s l\u00e1mpakonszign\u00e1ci\u00f3kkal. A t\u00edpustervek szerinti kivitel gyors, \u00e1tl\u00e1that\u00f3 \u00e9s eszt\u00e9tikailag \u00f6sszehangolt megold\u00e1st k\u00edn\u00e1l.<\/p>\n\n\n\n<p><strong>\u2705<\/strong><strong> A t\u00edpustervek el\u0151nyei:<\/strong><\/p>\n\n\n\n<ul class=\"wp-block-list\">\n<li>Biztos st\u00edlus \u00e9s l\u00e1tv\u00e1ny \u2013 profik \u00e1ltal tervezve<\/li>\n\n\n\n<li>Gyorsabb \u00e9s k\u00f6lts\u00e9ghat\u00e9konyabb kivitelez\u00e9s<\/li>\n\n\n\n<li>Egys\u00e9ges megjelen\u00e9s, magas eszt\u00e9tikai szint<\/li>\n\n\n\n<li>Nincs hosszadalmas d\u00f6nt\u00e9si folyamat<\/li>\n\n\n\n<li>Rejtett k\u00f6lts\u00e9gek n\u00e9lk\u00fcli, kisz\u00e1m\u00edthat\u00f3 \u00e1r<\/li>\n\n\n\n<li>Lakberendez\u0151 \u00e1ltal k\u00e9sz\u00edtett l\u00e1tv\u00e1nytervek \u00e9s b\u00fator-\/burkolat-konszign\u00e1ci\u00f3k<\/li>\n<\/ul>\n\n\n\n<hr class=\"wp-block-separator has-alpha-channel-opacity\"\/>\n\n\n\n<hr class=\"wp-block-separator has-alpha-channel-opacity\"\/>\n\n\n\n<hr class=\"wp-block-separator has-alpha-channel-opacity\"\/>\n\n\n\n<p><strong>\u2705<\/strong><strong> \u00d6sszefoglalva:<\/strong><\/p>\n\n\n\n<p>A t\u00edpustervek szerinti kulcsrak\u00e9sz kivitel a <strong>biztons\u00e1gos, gyors \u00e9s st\u00edlusos<\/strong> megold\u00e1s azok sz\u00e1m\u00e1ra, akik megb\u00edzhat\u00f3, el\u0151re megtervezett otthont keresnek.<br><\/p>\n\n\n\n<p>\u2022 Modern Minim\u00e1l <br>\u2022 Boho<br>\u2022 (Neo)Klasszikus<\/p>\n\n\n\n<p><strong>Jogi k\u00f6rnyezet<\/strong><\/p>\n\n\n\n<p><strong>\u2696\ufe0f<\/strong><strong> \u00c1tl\u00e1that\u00f3 jogi \u00e9s p\u00e9nz\u00fcgyi konstrukci\u00f3 \u2013 biztons\u00e1g az els\u0151 pillanatt\u00f3l<\/strong><\/p>\n\n\n\n<p>A <em>Liget Lak\u00f3park<\/em> lak\u00e1sai egy <strong>telekh\u00e1nyad-v\u00e1s\u00e1rl\u00e1ssal \u00e9s kulcsrak\u00e9sz \u00e9p\u00edt\u00e9si szerz\u0151d\u00e9ssel<\/strong> ker\u00fclnek \u00e9rt\u00e9kes\u00edt\u00e9sre. Ez a jogi forma a lak\u00f3ingatlan-v\u00e1s\u00e1rl\u00e1s egyik legbiztons\u00e1gosabb m\u00f3dja, amit modern, t\u00f6mb\u00f6nk\u00e9nt \u00fctemezett kivitelez\u00e9s \u00e9s teljes k\u00f6r\u0171 \u00fcgyf\u00e9lk\u00eds\u00e9ret eg\u00e9sz\u00edt ki.<\/p>\n\n\n\n<hr class=\"wp-block-separator has-alpha-channel-opacity\"\/>\n\n\n\n<p><strong>\u2705<\/strong><strong> A v\u00e1s\u00e1rl\u00e1s menete:<\/strong><\/p>\n\n\n\n<ol start=\"1\" class=\"wp-block-list\">\n<li>A v\u00e1s\u00e1rl\u00f3 a projekt elej\u00e9n <strong>tulajdonjogot szerez a saj\u00e1t telekh\u00e1nyad\u00e1ra<\/strong>, amelyet a F\u00f6ldhivatalba is bejegyeznek.<\/li>\n\n\n\n<li>Ezzel egyid\u0151ben <strong>kulcsrak\u00e9sz kivitelez\u00e9si szerz\u0151d\u00e9st<\/strong> k\u00f6t a kivitelez\u0151vel.<\/li>\n\n\n\n<li>A kivitelez\u00e9s <strong>t\u00f6mb\u00f6nk\u00e9nt, \u00fctemezve<\/strong> t\u00f6rt\u00e9nik. Minden t\u00f6mb <strong>\u00f6n\u00e1ll\u00f3an haszn\u00e1latba vehet\u0151<\/strong>, saj\u00e1t haszn\u00e1lati megoszt\u00e1ssal.<\/li>\n\n\n\n<li>Amint az adott \u00fctem <strong>\u00f6sszes t\u00f6mbje elk\u00e9sz\u00fcl<\/strong>, \u00e9s megszerzi a <strong>haszn\u00e1latbav\u00e9teli enged\u00e9lyt<\/strong>, a beruh\u00e1z\u00f3 <strong>megalap\u00edtja a t\u00e1rsash\u00e1zat<\/strong>, \u00e9s az ingatlan <strong>v\u00e9gleges jogi bejegyz\u00e9se megt\u00f6rt\u00e9nik<\/strong>.<\/li>\n<\/ol>\n\n\n\n<hr class=\"wp-block-separator has-alpha-channel-opacity\"\/>\n\n\n\n<p><strong>\ud83d\udcb0<\/strong><strong> Fizet\u00e9si konstrukci\u00f3: igazodik a val\u00f3s teljes\u00edt\u00e9shez<\/strong><\/p>\n\n\n\n<ul class=\"wp-block-list\">\n<li>A <strong>foglal\u00f3n fel\u00fcli fizet\u00e9si k\u00f6telezetts\u00e9g kiz\u00e1r\u00f3lag ut\u00f3lag<\/strong>, az <strong>elv\u00e9gzett \u00e9s igazolt munkar\u00e9szek ut\u00e1n<\/strong> mer\u00fcl fel.<\/li>\n\n\n\n<li>Az \u00fctemezett fizet\u00e9sek minden esetben a <strong>kivitelez\u00e9s k\u00e9sz\u00fclts\u00e9gi szintjeihez k\u00f6t\u00f6ttek<\/strong>, \u00edgy \u00d6n <strong>csak azt fizeti ki, ami m\u00e1r elk\u00e9sz\u00fclt<\/strong>.<\/li>\n\n\n\n<li><strong>Hitelb\u0151l v\u00e1s\u00e1rl\u00f3k eset\u00e9ben<\/strong> a banki t\u00f6rleszt\u00e9s <strong>csak akkor indul<\/strong>, amikor a kivitelez\u00e9s el\u00e9ri a <strong>60%-os k\u00e9sz\u00fclts\u00e9gi szintet<\/strong> \u2013 addig nincs havi fizet\u00e9si k\u00f6telezetts\u00e9g.<\/li>\n\n\n\n<li><strong>Vagyonszerz\u00e9si illet\u00e9k nincs<\/strong>, mivel az ad\u00e1sv\u00e9tel \u00e9p\u00edt\u00e9sk\u00e9nt t\u00f6rt\u00e9nik!<\/li>\n<\/ul>\n\n\n\n<hr class=\"wp-block-separator has-alpha-channel-opacity\"\/>\n\n\n\n<p><strong>\ud83d\udee0<\/strong><strong> Gondoskodunk \u00d6nr\u0151l \u2013 az els\u0151 l\u00e9p\u00e9st\u0151l a bek\u00f6lt\u00f6z\u00e9sig<\/strong><\/p>\n\n\n\n<p>Nem hagyjuk mag\u00e1ra: az els\u0151 \u00e9rdekl\u0151d\u00e9st\u0151l kezdve eg\u00e9szen a birtokba ad\u00e1sig, minden l\u00e9p\u00e9sn\u00e9l <strong>szem\u00e9lyes kapcsolattart\u00f3<\/strong>, <strong>jogi \u00e9s p\u00e9nz\u00fcgyi seg\u00edts\u00e9g<\/strong>, valamint <strong>val\u00f3s m\u0171szaki inform\u00e1ci\u00f3k<\/strong> \u00e1llnak rendelkez\u00e9s\u00e9re.<\/p>\n\n\n\n<p>\u2705 Teljes k\u00f6r\u0171 \u00fcgyint\u00e9z\u00e9s<br>\u2705 Biztons\u00e1gos szerz\u0151d\u00e9ses h\u00e1tt\u00e9r<br>\u2705 \u00c1tl\u00e1that\u00f3 \u00fctemez\u00e9s, \u00f6n\u00e1ll\u00f3 \u00fctemek<br>\u2705 T\u00e1mogat\u00e1s hitelig\u00e9nyl\u00e9shez \u00e9s \u00e1llami kedvezm\u00e9nyekhez (CSOK Plusz, Otthon Start)<\/p>\n\n\n\n<p><strong>Otthonteremt\u0151knek:<\/strong><\/p>\n\n\n\n<p><strong>\ud83c\udfe0<\/strong><strong> Otthonteremt\u00e9s, t\u00e1mogat\u00e1sokkal \u2013 ahogy neked m\u0171k\u00f6dik<\/strong><\/p>\n\n\n\n<p>A <em>Liget Lak\u00f3park<\/em> nem csup\u00e1n egy \u00faj lak\u00e1s, hanem lehet\u0151s\u00e9g egy \u00faj \u00e9letszakasz elind\u00edt\u00e1s\u00e1ra. Ak\u00e1r az els\u0151 otthonodat keresed, ak\u00e1r gyermekeid j\u00f6v\u0151j\u00e9r\u0151l gondoskodn\u00e1l, vagy egyszer\u0171en nagyobbra v\u00e1ltan\u00e1l \u2013 n\u00e1lunk minden \u00e9lethelyzetre van megold\u00e1s.<\/p>\n\n\n\n<p>\u00c9s ami a legfontosabb: <strong>minden t\u00e1mogat\u00e1si form\u00e1t felm\u00e9r\u00fcnk \u00e9s seg\u00edt\u00fcnk ig\u00e9nybe venni!<\/strong><\/p>\n\n\n\n<hr class=\"wp-block-separator has-alpha-channel-opacity\"\/>\n\n\n\n<p><strong>\ud83c\udfaf<\/strong><strong> 1. Els\u0151 otthon \u2013 ha most v\u00e1gsz bele<\/strong><\/p>\n\n\n\n<p>Ha m\u00e9g <strong>sz\u00fcl\u0151kn\u00e9l \u00e9lsz vagy alb\u00e9rletben<\/strong>, akkor most j\u00f6tt el a legjobb pillanat a saj\u00e1t otthon megteremt\u00e9s\u00e9re:<\/p>\n\n\n\n<p>\u2705 M\u00e1r <strong>10% \u00f6ner\u0151vel<\/strong> elind\u00edthat\u00f3 az <strong>Otthon Start program<\/strong><br>\u2705 <strong>\u00d6ner\u0151 n\u00e9lk\u00fcli finansz\u00edroz\u00e1s<\/strong> is el\u00e9rhet\u0151, \u00e1llami kamatt\u00e1mogat\u00e1ssal<br>\u2705 <strong>Kamatmentes hitelek<\/strong>, el\u0151sz\u0171r\u00e9ssel, garanci\u00e1val<br>\u2705 Teljes k\u00f6r\u0171 seg\u00edts\u00e9g a <strong>hitel\u00fcgyint\u00e9z\u00e9sben<\/strong><br>\u2705 Korszer\u0171, fenntarthat\u00f3 lak\u00e1sok, alacsony rezsivel<\/p>\n\n\n\n<hr class=\"wp-block-separator has-alpha-channel-opacity\"\/>\n\n\n\n<p><strong>\ud83d\udc68\u200d\ud83d\udc69\u200d\ud83d\udc67\u200d\ud83d\udc66<\/strong><strong> 2. Gyermekeidnek seg\u00edten\u00e9l? \u2013 Gondolkodj el\u0151re<\/strong><\/p>\n\n\n\n<p>Egy saj\u00e1t lak\u00e1s a legjobb indul\u00e1s a fiataloknak \u2013 \u00e9s most a t\u00e1mogatott programokkal <strong>el\u00e9rhet\u0151bb, mint valaha<\/strong>:<\/p>\n\n\n\n<p>\u2705 <strong>Otthon Start<\/strong> \u2013 10% \u00f6ner\u0151vel m\u00e1r indulhat<br>\u2705 Korszer\u0171 lak\u00e1s = \u00e9rt\u00e9k\u00e1ll\u00f3 befektet\u00e9s<\/p>\n\n\n\n<hr class=\"wp-block-separator has-alpha-channel-opacity\"\/>\n\n\n\n<p><strong>\ud83c\udfe1<\/strong><strong> 3. Lecser\u00e9ln\u00e9d a r\u00e9git egy \u00fajra?<\/strong><\/p>\n\n\n\n<p>Ha most egy r\u00e9gi, korszer\u0171tlen lak\u00e1sban \u00e9lsz, \u00e9s <strong>t\u00e1gasabb, energiatakar\u00e9kosabb otthont<\/strong> keresel, akkor a Liget Lak\u00f3park a t\u00f6k\u00e9letes v\u00e1laszt\u00e1s:<\/p>\n\n\n\n<p>\u2705 <strong>Haszn\u00e1lt lak\u00e1s besz\u00e1m\u00edt\u00e1sa<\/strong> \u2013 partner ingatlanirod\u00e1k seg\u00edts\u00e9g\u00e9vel<br>\u2705 <strong>Otthon Start t\u00e1mogat\u00e1s<\/strong> nagyobb \u00e9rt\u00e9k\u0171 \u00faj lak\u00e1sra is<br>\u2705 <strong>Energiatakar\u00e9kos \u00faj \u00e9p\u00edt\u00e9s\u0171 lak\u00e1s<\/strong> \u2013 alacsony rezsi, magas komfort<br>\u2705 <strong>Teljes k\u00f6r\u0171 \u00fcgyint\u00e9z\u00e9s<\/strong>, l\u00e9p\u00e9sr\u0151l l\u00e9p\u00e9sre<br>\u2705 \u00c1tl\u00e1that\u00f3 jogi \u00e9s p\u00e9nz\u00fcgyi konstrukci\u00f3<\/p>\n\n\n\n<hr class=\"wp-block-separator has-alpha-channel-opacity\"\/>\n\n\n\n<p><strong>\ud83d\udcbc<\/strong><strong> Mit kapsz m\u00e9g t\u0151l\u00fcnk?<\/strong><\/p>\n\n\n\n<ul class=\"wp-block-list\">\n<li>\ud83d\udcca <strong>T\u00e1mogat\u00e1s-felm\u00e9r\u00e9s<\/strong> \u2013 megn\u00e9zz\u00fck, mi j\u00e1r neked<\/li>\n\n\n\n<li>\ud83e\uddfe <strong>El\u0151sz\u0171r\u00e9s hitelre, garanci\u00e1val<\/strong><\/li>\n\n\n\n<li>\ud83e\udd1d <strong>Ingatlanirodai kapcsolat \u2013 seg\u00edt\u00fcnk eladni a megl\u00e9v\u0151t<\/strong><\/li>\n\n\n\n<li>\ud83e\udde0 <strong>P\u00e9nz\u00fcgyi tan\u00e1csad\u00e1s, \u00fcgyint\u00e9z\u00e9s A-t\u00f3l Z-ig<\/strong><\/li>\n\n\n\n<li>\ud83d\ude80 <strong>Gyors \u00fcgyint\u00e9z\u00e9s, val\u00f3s d\u00f6nt\u00e9sek<\/strong><\/li>\n<\/ul>\n\n\n\n<hr class=\"wp-block-separator has-alpha-channel-opacity\"\/>\n\n\n\n<p><strong>\u2705<\/strong><strong> Tudd meg, milyen t\u00e1mogat\u00e1s j\u00e1r neked!<\/strong><\/p>\n\n\n\n<p>Telefon: +36-20\/287-5432<\/p>\n\n\n\n<p>E-mail: liget@globalotthon.hu<br><\/p>\n\n\n\n<p><strong>Befektet\u0151knek:<\/strong><\/p>\n\n\n\n<p><strong>\ud83d\udcbc<\/strong><strong> Befektet\u00e9s j\u00f6v\u0151be \u2013 vagy azonnali hozam? Mindkett\u0151 lehets\u00e9ges.<\/strong><\/p>\n\n\n\n<p>A <em>Liget Lak\u00f3park<\/em> nemcsak \u00faj otthon, hanem <strong>piaci alapon megt\u00e9r\u00fcl\u0151 befektet\u00e9s<\/strong>. Ak\u00e1r saj\u00e1t haszn\u00e1latra v\u00e1s\u00e1roln\u00e1l, ak\u00e1r b\u00e9rbead\u00e1sra, n\u00e1lunk <strong>id\u0151ben besz\u00e1llni = el\u0151nyt szerezni<\/strong>.<\/p>\n\n\n\n<hr class=\"wp-block-separator has-alpha-channel-opacity\"\/>\n\n\n\n<p><strong>\ud83d\udcc8<\/strong><strong> Mi\u00e9rt \u00e9ri meg most v\u00e1s\u00e1rolni? \u2013 Off-plan el\u0151ny\u00f6k<\/strong><\/p>\n\n\n\n<p>Ha most, a projekt korai szakasz\u00e1ban (off-plan) v\u00e1s\u00e1rolsz, <strong>kedvez\u0151bb \u00e1ron juthatsz hozz\u00e1<\/strong>, mint amennyibe az ingatlan a kulcsrak\u00e9sz \u00e1tad\u00e1skor ker\u00fclni fog.<\/p>\n\n\n\n<p><strong>\u00c1tlagos \u00e1rn\u00f6vekm\u00e9ny: 15\u201325%<\/strong><br>Egy <strong>50 milli\u00f3 Ft-os lak\u00e1s<\/strong> eset\u00e9ben ez ak\u00e1r <strong>7\u201312,5 milli\u00f3 Ft<\/strong> \u00e9rt\u00e9kn\u00f6veked\u00e9st is jelenthet m\u00e1r az els\u0151 \u00fctem v\u00e9g\u00e9re.<\/p>\n\n\n\n<p>\u2705 R\u00f6gz\u00edtett \u00e1r \u2013 m\u00e9g a piaci dr\u00e1gul\u00e1s el\u0151tt<br>\u2705 Legjobb lak\u00e1sv\u00e1laszt\u00e9k \u2013 hely, t\u00e1jol\u00e1s, m\u00e9ret<br>\u2705 Fizet\u00e9s \u00fctemezve, k\u00e9sz\u00fclts\u00e9g szerint<br>\u2705 Illet\u00e9kmentes v\u00e1s\u00e1rl\u00e1s \u2013 mert \u00e9p\u00edt\u00e9s jogc\u00edmen t\u00f6rt\u00e9nik<\/p>\n\n\n\n<hr class=\"wp-block-separator has-alpha-channel-opacity\"\/>\n\n\n\n<p><strong>\ud83d\ude80<\/strong><strong> Otthon Start \u2013 piacmozgat\u00f3 t\u00e1mogat\u00e1s<\/strong><\/p>\n\n\n\n<p>A 2025-ben indul\u00f3 <strong>Otthon Start program<\/strong> ak\u00e1r <strong>10% \u00f6ner\u0151vel is lehet\u0151v\u00e9 teszi a v\u00e1s\u00e1rl\u00e1st<\/strong>. Ez:<\/p>\n\n\n\n<ul class=\"wp-block-list\">\n<li>drasztikusan n\u00f6veli a keresletet<\/li>\n\n\n\n<li>tov\u00e1bb sz\u0171k\u00edti a k\u00edn\u00e1latot<\/li>\n\n\n\n<li><strong>felhajtja az \u00e1rakat<\/strong> az \u00faj\u00e9p\u00edt\u00e9s\u0171 szegmensben<\/li>\n<\/ul>\n\n\n\n<p>\ud83d\udd12 Aki most v\u00e1s\u00e1rol, <strong>megel\u0151zi az \u00e1rrobban\u00e1st.<\/strong><\/p>\n\n\n\n<hr class=\"wp-block-separator has-alpha-channel-opacity\"\/>\n\n\n\n<p><strong>\ud83c\udfe2<\/strong><strong> Nem csak eladunk \u2013 \u00fczemeltet\u00fcnk is!<\/strong><\/p>\n\n\n\n<p>T\u00e1rsas\u00e1gunk saj\u00e1t ingatlankezel\u0151 partnere, a <strong>GLOBAL-OKTAT\u00c1S \u00c9S INGATLAN Kft.<\/strong> seg\u00edts\u00e9g\u00e9vel a v\u00e1s\u00e1rolt lak\u00e1s <strong>gond n\u00e9lk\u00fcl b\u00e9rbe is adhat\u00f3<\/strong>.<\/p>\n\n\n\n<p><strong>\ud83e\udd1d<\/strong><strong> Professzion\u00e1lis ingatlankezel\u00e9s szolg\u00e1ltat\u00e1s:<\/strong><\/p>\n\n\n\n<ul class=\"wp-block-list\">\n<li>B\u00e9rl\u0151keres\u00e9s \u00e9s el\u0151sz\u0171r\u00e9s<\/li>\n\n\n\n<li>Havi b\u00e9rleti d\u00edjak kezel\u00e9se<\/li>\n\n\n\n<li>B\u00e9rleti szerz\u0151d\u00e9s el\u0151k\u00e9sz\u00edt\u00e9se \u00e9s k\u00f6zjegyz\u0151i hiteles\u00edt\u00e9se<\/li>\n\n\n\n<li>Ingatlan \u00e1llapot\u00e1nak dokument\u00e1lt ellen\u0151rz\u00e9se<\/li>\n\n\n\n<li>Teljes k\u00f6r\u0171 \u00fcgyint\u00e9z\u00e9s, <strong>tulajdonosi oldalr\u00f3l \u00e1tv\u00e1llalva<\/strong><\/li>\n<\/ul>\n\n\n\n<p>\ud83d\udcb0 <strong>A b\u00e9rleti d\u00edj be\u00e9rkezik, \u00d6nnek csak a hozam marad.<\/strong> A kezel\u00e9si d\u00edj: <strong>15% \/ h\u00f3<\/strong>, minden m\u00e1s r\u00e1nk van b\u00edzva.<\/p>\n\n\n\n<hr class=\"wp-block-separator has-alpha-channel-opacity\"\/>\n\n\n\n<p><strong>\ud83d\udcca<\/strong><strong> K\u00e9szp\u00e9nzes v\u00e1s\u00e1rl\u00f3k\u00e9nt az el\u0151ny n\u00e1lad van:<\/strong><\/p>\n\n\n\n<ul class=\"wp-block-list\">\n<li>Kedvez\u0151bb alku \u00e9s lak\u00e1sv\u00e1laszt\u00e9k<\/li>\n\n\n\n<li>Gyorsabb \u00fcgyint\u00e9z\u00e9s, kevesebb pap\u00edrmunka<\/li>\n\n\n\n<li>Extra hozam az \u00e1rn\u00f6veked\u00e9sb\u0151l<\/li>\n\n\n\n<li>Lehet\u0151s\u00e9g azonnali b\u00e9rbead\u00e1sra \u2013 gond n\u00e9lk\u00fcl<\/li>\n\n\n\n<li>Infl\u00e1ci\u00f3t meghalad\u00f3 megt\u00e9r\u00fcl\u00e9s, ak\u00e1r 25% m\u00e1r a projekt v\u00e9g\u00e9re<\/li>\n\n\n\n<li>&nbsp;<\/li>\n<\/ul>\n\n\n\n<p><strong>50 milli\u00f3s lak\u00e1s, v\u00e1rhat\u00f3 teljes megt\u00e9r\u00fcl\u00e9s sz\u00e1mokban 5 \u00e9s 10 \u00e9v alatt<\/strong><\/p>\n\n\n\n<hr class=\"wp-block-separator has-alpha-channel-opacity\"\/>\n\n\n\n<p><strong>\ud83d\udd39<\/strong><strong> Alapfelt\u00e9telek \u00fajra:<\/strong><\/p>\n\n\n\n<ul class=\"wp-block-list\">\n<li>V\u00e1s\u00e1rl\u00e1s: <strong>Off-plan \u00e1ron 50.000.000 Ft<\/strong><\/li>\n\n\n\n<li>Kulcsrak\u00e9sz \u00e9rt\u00e9k az \u00e1tad\u00e1skor (pl. 14-18 h\u00f3nap m\u00falva): <strong>+10% = 55.000.000 Ft<\/strong><\/li>\n\n\n\n<li>\u00c9ves \u00e9rt\u00e9kn\u00f6veked\u00e9s ut\u00e1na: <strong>+3% \/ \u00e9v<\/strong><\/li>\n\n\n\n<li>Indul\u00f3 brutt\u00f3 b\u00e9rleti d\u00edj: <strong>3.000.000 Ft \/ \u00e9v<\/strong><\/li>\n\n\n\n<li>B\u00e9rleti d\u00edj n\u00f6vekszik \u00e9vente: <strong>+5%<\/strong><\/li>\n\n\n\n<li>Nett\u00f3 kiad\u00e1si ar\u00e1ny (ad\u00f3, kezel\u00e9s, kiadotts\u00e1g ut\u00e1n): <strong>kb. 65%<\/strong><\/li>\n\n\n\n<li>SZJA: <strong>15% m\u00e1r belesz\u00e1m\u00edtva a b\u00e9rlet nett\u00f3 \u00e9rt\u00e9k\u00e9be<\/strong><\/li>\n<\/ul>\n\n\n\n<hr class=\"wp-block-separator has-alpha-channel-opacity\"\/>\n\n\n\n<p><strong>\ud83c\udfe0<\/strong><strong> Off-plan nyeres\u00e9g (m\u00e9g bek\u00f6lt\u00f6z\u00e9s el\u0151tt)<\/strong><\/p>\n\n\n\n<ul class=\"wp-block-list\">\n<li><strong>50.000.000 Ft \u2192 55.000.000 Ft kulcsrak\u00e9szen<\/strong><\/li>\n\n\n\n<li>\ud83d\udcc8 <strong>+5.000.000 Ft azonnali \u00e9rt\u00e9kn\u00f6veked\u00e9s<\/strong><br>(<em>ezt nem ad\u00f3zod, ha nem adod el<\/em>)<\/li>\n<\/ul>\n\n\n\n<hr class=\"wp-block-separator has-alpha-channel-opacity\"\/>\n\n\n\n<p><strong>\ud83d\udcc6<\/strong><strong> 1. Teljes megt\u00e9r\u00fcl\u00e9s \u2013 5 \u00e9v ut\u00e1n<\/strong><\/p>\n\n\n\n<p><strong>\ud83d\udcbc<\/strong><strong> 1) B\u00e9rleti hozam 5 \u00e9v alatt (nett\u00f3 65%-kal, 5%-os \u00e9vi n\u00f6veked\u00e9s)<\/strong><\/p>\n\n\n\n<figure class=\"wp-block-table\"><table class=\"has-fixed-layout\"><thead><tr><td><strong>\u00c9v<\/strong><\/td><td><strong>Brutt\u00f3 b\u00e9rlet (Ft)<\/strong><\/td><td><strong>Nett\u00f3 (Ft)<\/strong><\/td><\/tr><\/thead><tbody><tr><td>1<\/td><td>3.000.000<\/td><td>1.950.000<\/td><\/tr><tr><td>2<\/td><td>3.150.000<\/td><td>2.047.500<\/td><\/tr><tr><td>3<\/td><td>3.307.500<\/td><td>2.149.875<\/td><\/tr><tr><td>4<\/td><td>3.472.875<\/td><td>2.257.369<\/td><\/tr><tr><td>5<\/td><td>3.646.518<\/td><td>2.370.237<\/td><\/tr><tr><td><strong>\u00d6sszesen<\/strong><\/td><td>\u2013<\/td><td><strong>10.775.000 Ft<\/strong><\/td><\/tr><\/tbody><\/table><\/figure>\n\n\n\n<p><strong>\ud83d\udcbc<\/strong><strong> 2) \u00c9rt\u00e9kn\u00f6veked\u00e9s:<\/strong><\/p>\n\n\n\n<ul class=\"wp-block-list\">\n<li>55.000.000 \u00d7 (1,03)^4 \u2248 <strong>61.933.000 Ft<\/strong><\/li>\n\n\n\n<li>\u00c1rnyeres\u00e9g 5 \u00e9v ut\u00e1n (az off-plan \u00e1rhoz viszony\u00edtva):<br>\ud83d\udcc8 61.933.000 \u2013 50.000.000 = <strong>11.933.000 Ft<\/strong><\/li>\n<\/ul>\n\n\n\n<hr class=\"wp-block-separator has-alpha-channel-opacity\"\/>\n\n\n\n<p><strong>\u2705<\/strong><strong> Teljes megt\u00e9r\u00fcl\u00e9s 5 \u00e9v alatt:<\/strong><\/p>\n\n\n\n<ul class=\"wp-block-list\">\n<li>Off-plan nyeres\u00e9g: <strong>5.000.000 Ft<\/strong><\/li>\n\n\n\n<li>B\u00e9rletb\u0151l: <strong>10.775.000 Ft<\/strong><\/li>\n\n\n\n<li>\u00c9rt\u00e9kn\u00f6veked\u00e9s: <strong>6.933.000 Ft<\/strong> (55 \u2192 61,933)<\/li>\n\n\n\n<li><strong>\u00d6sszes nyeres\u00e9g: \u2248 22.708.000 Ft<\/strong><\/li>\n<\/ul>\n\n\n\n<p>\ud83d\udcca <strong>\u00c1tlagos \u00e9ves hozam: ~22,7 M \/ 5 \u00e9v = 4,54 M Ft \u2192 ~9,1% \/ \u00e9v nomin\u00e1lis hozam<\/strong><\/p>\n\n\n\n<hr class=\"wp-block-separator has-alpha-channel-opacity\"\/>\n\n\n\n<p><strong>\ud83d\udcc6<\/strong><strong> 2. Teljes megt\u00e9r\u00fcl\u00e9s \u2013 10 \u00e9v ut\u00e1n<\/strong><\/p>\n\n\n\n<p><strong>\ud83d\udcbc<\/strong><strong> 1) B\u00e9rleti hozam \u2013 10 \u00e9v alatt<\/strong><\/p>\n\n\n\n<p>El\u0151z\u0151 5 \u00e9v: <strong>10.775.000 Ft<\/strong><br>M\u00e1sodik 5 \u00e9v (sz\u00e1molva n\u00f6vekv\u0151 b\u00e9rlettel):<\/p>\n\n\n\n<figure class=\"wp-block-table\"><table class=\"has-fixed-layout\"><thead><tr><td><strong>\u00c9v<\/strong><\/td><td><strong>Brutt\u00f3 b\u00e9rlet (Ft)<\/strong><\/td><td><strong>Nett\u00f3 (65%)<\/strong><\/td><\/tr><\/thead><tbody><tr><td>6<\/td><td>3.828.844<\/td><td>2.488.749<\/td><\/tr><tr><td>7<\/td><td>4.020.286<\/td><td>2.613.186<\/td><\/tr><tr><td>8<\/td><td>4.221.301<\/td><td>2.743.846<\/td><\/tr><tr><td>9<\/td><td>4.432.366<\/td><td>2.881.038<\/td><\/tr><tr><td>10<\/td><td>4.653.984<\/td><td>3.025.090<\/td><\/tr><tr><td><strong>+5 \u00e9v<\/strong><\/td><td>\u2013<\/td><td><strong>13.751.910 Ft<\/strong><\/td><\/tr><\/tbody><\/table><\/figure>\n\n\n\n<p>\u27a1\ufe0f <strong>10 \u00e9v \u00f6sszes b\u00e9rleti bev\u00e9tele:<\/strong><br><strong>10.775.000 + 13.752.000 = 24.527.000 Ft<\/strong><\/p>\n\n\n\n<hr class=\"wp-block-separator has-alpha-channel-opacity\"\/>\n\n\n\n<p><strong>\ud83d\udcbc<\/strong><strong> 2) \u00c9rt\u00e9kn\u00f6veked\u00e9s:<\/strong><\/p>\n\n\n\n<ul class=\"wp-block-list\">\n<li>55.000.000 \u00d7 (1,03)^9 \u2248 <strong>71.706.000 Ft<\/strong><\/li>\n\n\n\n<li>\u00c1rnyeres\u00e9g (off-plan \u00e1rhoz k\u00e9pest):<br>\ud83d\udcc8 71.706.000 \u2013 50.000.000 = <strong>21.706.000 Ft<\/strong><\/li>\n<\/ul>\n\n\n\n<hr class=\"wp-block-separator has-alpha-channel-opacity\"\/>\n\n\n\n<p><strong>\u2705<\/strong><strong> Teljes megt\u00e9r\u00fcl\u00e9s 10 \u00e9v alatt:<\/strong><\/p>\n\n\n\n<ul class=\"wp-block-list\">\n<li>Off-plan nyeres\u00e9g: <strong>5.000.000 Ft<\/strong><\/li>\n\n\n\n<li>B\u00e9rletb\u0151l: <strong>24.527.000 Ft<\/strong><\/li>\n\n\n\n<li>\u00c9rt\u00e9kn\u00f6veked\u00e9s: <strong>16.706.000 Ft<\/strong> (55 \u2192 71,7)<\/li>\n\n\n\n<li><strong>\u00d6sszes nyeres\u00e9g: \u2248 46.233.000 Ft<\/strong><\/li>\n<\/ul>\n\n\n\n<p>\ud83d\udcca <strong>\u00c1tlagos \u00e9ves hozam: ~4.623.000 Ft \/ \u00e9v \u2192 ~9,25% \/ \u00e9v nomin\u00e1lisan<\/strong><\/p>\n\n\n\n<hr class=\"wp-block-separator has-alpha-channel-opacity\"\/>\n\n\n\n<p><strong>\ud83d\udccc<\/strong><strong> \u00d6sszefoglal\u00e1s \u2013 V\u00e9gs\u0151 sz\u00e1mok:<\/strong><\/p>\n\n\n\n<figure class=\"wp-block-table\"><table class=\"has-fixed-layout\"><thead><tr><td><strong>Id\u0151t\u00e1v<\/strong><\/td><td><strong>\u00d6sszes hozam (Ft)<\/strong><\/td><td><strong>\u00c9ves \u00e1tlagos hozam<\/strong><\/td><td><strong>Megjegyz\u00e9s<\/strong><\/td><\/tr><\/thead><tbody><tr><td>5 \u00e9v<\/td><td>~22.708.000 Ft<\/td><td>~9,1% \/ \u00e9v<\/td><td>Off-plan + b\u00e9rlet + \u00e9rt\u00e9kn\u00f6veked\u00e9s<\/td><\/tr><tr><td>10 \u00e9v<\/td><td>~46.233.000 Ft<\/td><td>~9,25% \/ \u00e9v<\/td><td>Stabil hozam, n\u00f6vekv\u0151 b\u00e9rleti d\u00edjjal<\/td><\/tr><\/tbody><\/table><\/figure>\n\n\n\n<hr class=\"wp-block-separator has-alpha-channel-opacity\"\/>\n\n\n\n<p>[gomb] <strong>\u00c9rdekel a befektet\u00e9s<\/strong><br>[gomb] <strong>B\u00e9rbead\u00e1si lehet\u0151s\u00e9gek megtekint\u00e9se Ingatlankezel\u00e9s szerz\u0151d\u00e9s felt\u00f6lt\u00e9se<\/strong><\/p>\n\n\n\n<p>Otthon start 3 % fix hitel b\u00e9rbead\u00e1ssal<\/p>\n\n\n\n<p><strong>\ud83c\udfe1<\/strong><strong> Otthon Start + Off-plan = \u00c9letre sz\u00f3l\u00f3 el\u0151ny<\/strong><\/p>\n\n\n\n<p>Az <strong>Otthon Start \u00e1llamilag t\u00e1mogatott hitel<\/strong> \u00e9s a <em>Liget Lak\u00f3park off-plan v\u00e1s\u00e1rl\u00e1si lehet\u0151s\u00e9ge<\/em> egy\u00fctt <strong>egyed\u00fcl\u00e1ll\u00f3 lehet\u0151s\u00e9get k\u00edn\u00e1l azoknak<\/strong>, akik els\u0151 otthonuk megv\u00e1s\u00e1rl\u00e1s\u00e1n gondolkodnak \u2013 vagy tudatosan, hossz\u00fa t\u00e1von szeretn\u00e9nek befektetni egy modern, energiahat\u00e9kony \u00faj lak\u00e1sba.<\/p>\n\n\n\n<hr class=\"wp-block-separator has-alpha-channel-opacity\"\/>\n\n\n\n<p><strong>\ud83d\udd11<\/strong><strong> Mi\u00e9rt \u00e9ri meg off-plan lak\u00e1st venni Otthon Start hitellel?<\/strong><\/p>\n\n\n\n<p><strong>\u2705<\/strong><strong> 1. M\u00e1r az elej\u00e9n nyersz \u2013 Off-plan \u00e1rn\u00f6veked\u00e9s<\/strong><\/p>\n\n\n\n<p>A <em>Liget Lak\u00f3parkban<\/em> m\u00e1r a v\u00e1s\u00e1rl\u00e1s pillanat\u00e1ban <strong>10%-kal kedvez\u0151bb \u00e1ron<\/strong> juthatsz lak\u00e1shoz, mint amennyi\u00e9rt kulcsrak\u00e9szen \u00e9rt\u00e9kes\u00edtj\u00fck.<\/p>\n\n\n\n<p>\ud83d\udccc Egy 50 milli\u00f3s lak\u00e1s \u00e9rt\u00e9ke a kivitelez\u00e9s v\u00e9g\u00e9re <strong>55 milli\u00f3 Ft lesz<\/strong> \u2013 vagyis:<\/p>\n\n\n\n<p>\ud83c\udfaf <strong>+5.000.000 Ft nyeres\u00e9g<\/strong> ak\u00e1r 12\u201318 h\u00f3napon bel\u00fcl, m\u00e9g bek\u00f6lt\u00f6z\u00e9s el\u0151tt.<\/p>\n\n\n\n<hr class=\"wp-block-separator has-alpha-channel-opacity\"\/>\n\n\n\n<p><strong>\u2705<\/strong><strong> 2. Csak 10% \u00f6ner\u0151 kell<\/strong><\/p>\n\n\n\n<p>Az Otthon Start seg\u00edts\u00e9g\u00e9vel ak\u00e1r <strong>5\u20136 milli\u00f3 Ft \u00f6ner\u0151vel<\/strong> belev\u00e1ghatsz a saj\u00e1t lak\u00e1sba \u2013 a t\u00f6bbit az \u00e1llamilag t\u00e1mogatott, <strong>fix 3%-os kamatoz\u00e1s\u00fa hitel<\/strong> fedezi.<\/p>\n\n\n\n<hr class=\"wp-block-separator has-alpha-channel-opacity\"\/>\n\n\n\n<p><strong>\u2705<\/strong><strong> 3. Kisz\u00e1m\u00edthat\u00f3, alacsony t\u00f6rleszt\u0151r\u00e9szlet<\/strong><\/p>\n\n\n\n<p>A 3%-os, fix kamat miatt a havi t\u00f6rleszt\u0151 ak\u00e1r <strong>100\u2013150.000 Ft-tal is alacsonyabb lehet<\/strong>, mint egy piaci hitel eset\u00e9n \u2013 <strong>ez t\u00f6bb milli\u00f3 Ft megtakar\u00edt\u00e1s 25 \u00e9v alatt<\/strong>.<\/p>\n\n\n\n<hr class=\"wp-block-separator has-alpha-channel-opacity\"\/>\n\n\n\n<p><strong>\u2705<\/strong><strong> 4. A lak\u00e1sod \u00e9vr\u0151l \u00e9vre t\u00f6bbet \u00e9r<\/strong><\/p>\n\n\n\n<p>A v\u00e1rhat\u00f3 piaci \u00e1rn\u00f6veked\u00e9s \u00e9vi <strong>3% k\u00f6r\u00fcl alakul<\/strong>, \u00edgy hossz\u00fa t\u00e1von nemcsak otthonod lesz, hanem <strong>vagyonod is n\u0151<\/strong>.<\/p>\n\n\n\n<hr class=\"wp-block-separator has-alpha-channel-opacity\"\/>\n\n\n\n<p><strong>\u2705<\/strong><strong> 5. B\u00e9rbead\u00e1sban is seg\u00edt\u00fcnk<\/strong><\/p>\n\n\n\n<p>T\u00e1rsas\u00e1gunk nem csak elad, hanem <strong>\u00fczemeltet is<\/strong> \u2013 \u00edgy ha nem k\u00f6lt\u00f6zn\u00e9l be azonnal, <strong>gond n\u00e9lk\u00fcl b\u00e9rbe adhat\u00f3 a lak\u00e1sod<\/strong>. Mi keres\u00fcnk b\u00e9rl\u0151t, kezelj\u00fck az ingatlant, \u00e9s levessz\u00fck a v\u00e1lladr\u00f3l az adminisztr\u00e1ci\u00f3t is.<\/p>\n\n\n\n<hr class=\"wp-block-separator has-alpha-channel-opacity\"\/>\n\n\n\n<p><strong>\ud83d\udcca<\/strong><strong> Konkr\u00e9t p\u00e9lda \u2013 Mennyi lehet bel\u0151le 5 vagy 10 \u00e9v m\u00falva?<\/strong><\/p>\n\n\n\n<p><strong>\ud83e\uddee<\/strong><strong> Ha ma veszel egy 50 milli\u00f3s lak\u00e1st Otthon Start hitellel:<\/strong><\/p>\n\n\n\n<ul class=\"wp-block-list\">\n<li><strong>Off-plan \u00e1rnyeres\u00e9g<\/strong>: 5.000.000 Ft<\/li>\n\n\n\n<li><strong>B\u00e9rleti d\u00edj bev\u00e9tel 5 \u00e9v alatt<\/strong>: ~10.775.000 Ft<\/li>\n\n\n\n<li><strong>\u00c9rt\u00e9kn\u00f6veked\u00e9s (5 \u00e9v alatt, \u00e9vi 3%)<\/strong>: ~6.933.000 Ft<br>\ud83d\udccc <strong>\u00d6sszesen: ~22.700.000 Ft megt\u00e9r\u00fcl\u00e9s 5 \u00e9v alatt<\/strong><\/li>\n<\/ul>\n\n\n\n<p>\u27a1\ufe0f <strong>Ez \u00e9ves szinten kb. 4,5 milli\u00f3 Ft haszon<\/strong> \u2013 mind\u00f6ssze 10% \u00f6ner\u0151vel.<\/p>\n\n\n\n<hr class=\"wp-block-separator has-alpha-channel-opacity\"\/>\n\n\n\n<p><strong>\ud83d\udd1f<\/strong><strong> Ha 10 \u00e9vre tervezel:<\/strong><\/p>\n\n\n\n<ul class=\"wp-block-list\">\n<li><strong>Off-plan \u00e1rnyeres\u00e9g<\/strong>: 5.000.000 Ft<\/li>\n\n\n\n<li><strong>B\u00e9rleti d\u00edj bev\u00e9tel 10 \u00e9v alatt<\/strong>: ~24.527.000 Ft<\/li>\n\n\n\n<li><strong>\u00c9rt\u00e9kn\u00f6veked\u00e9s (10 \u00e9v alatt, \u00e9vi 3%)<\/strong>: ~16.706.000 Ft<br>\ud83d\udccc <strong>\u00d6sszesen: ~46.233.000 Ft megt\u00e9r\u00fcl\u00e9s 10 \u00e9v alatt<\/strong><\/li>\n<\/ul>\n\n\n\n<p>\u27a1\ufe0f <strong>Gyakorlatilag meg t\u00edzszerezed a befektet\u00e9sedet<\/strong> \u2013 mik\u00f6zben lak\u00e1sod is van.<\/p>\n\n\n\n<hr class=\"wp-block-separator has-alpha-channel-opacity\"\/>\n\n\n\n<p><strong>\ud83c\udfaf<\/strong><strong> Kinek aj\u00e1nljuk?<\/strong><\/p>\n\n\n\n<ul class=\"wp-block-list\">\n<li>Els\u0151 lak\u00e1sv\u00e1s\u00e1rl\u00f3knak, akik alacsony \u00f6ner\u0151vel induln\u00e1nak<\/li>\n\n\n\n<li>Fiatal p\u00e1roknak, csal\u00e1dalap\u00edt\u00f3knak<\/li>\n\n\n\n<li>Sz\u00fcl\u0151knek, akik gyermekeiknek el\u0151re gondoskodn\u00e1nak<\/li>\n\n\n\n<li>Tudatos befektet\u0151knek, akik <strong>a piac alatti \u00e1ron<\/strong> szeretn\u00e9nek ingatlanhoz jutni, <strong>\u00e1llamilag t\u00e1mogatott konstrukci\u00f3ban<\/strong><\/li>\n<\/ul>\n\n\n\n<hr class=\"wp-block-separator has-alpha-channel-opacity\"\/>\n\n\n\n<p><strong>\ud83c\udfd8\ufe0f<\/strong><strong> Liget Lak\u00f3park = Otthon + \u00e9rt\u00e9k + biztons\u00e1g<\/strong><\/p>\n\n\n\n<ul class=\"wp-block-list\">\n<li><strong>200 \u00faj lak\u00e1s<\/strong> a Gerecse l\u00e1b\u00e1n\u00e1l, 50% z\u00f6ldter\u00fclet<\/li>\n\n\n\n<li>Teljes k\u00f6r\u0171 \u00fcgyint\u00e9z\u00e9s: <strong>Otthon Start, CSOK Plusz, t\u00e1mogat\u00e1sok<\/strong><\/li>\n\n\n\n<li><strong>Ingatlankezel\u00e9s, b\u00e9rbead\u00e1s, \u00e9rt\u00e9kes\u00edt\u00e9s egy k\u00e9zb\u0151l<\/strong><\/li>\n\n\n\n<li>Nem hagyunk magadra \u2013 <strong>veled vagyunk az elej\u00e9t\u0151l a bek\u00f6lt\u00f6z\u00e9sig<\/strong><\/li>\n<\/ul>\n\n\n\n<hr class=\"wp-block-separator has-alpha-channel-opacity\"\/>\n\n\n\n<figure class=\"wp-block-table\"><table class=\"has-fixed-layout\"><tbody><tr><td><\/td><td>Ingatlan azonos\u00edt\u00f3<\/td><td>Emelet<\/td><td>Szob\u00e1k sz\u00e1ma<\/td><td>Nett\u00f3 ter\u00fclet<\/td><td>Terasz\/erk\u00e9ly ter\u00fclet<\/td><td>Kert ter\u00fclet<\/td><td>T\u00e1jol\u00e1s<\/td><td>Lista\u00e1r (HUF)<\/td><\/tr><tr><td>1.<\/td><td>0.B1.01<\/td><td>f\u00f6ldszint<\/td><td>2<\/td><td>47,45<\/td><td>10,76<\/td><td>45<\/td><td>D<\/td><td><strong>FOGLALT<\/strong><\/td><\/tr><tr><td>2.<\/td><td>0.B1.02<\/td><td>f\u00f6ldszint<\/td><td>2<\/td><td>46,38<\/td><td>10,80<\/td><td>45<\/td><td>\u00c9-K<\/td><td><strong>FOGLALT<\/strong><\/td><\/tr><tr><td>3.<\/td><td>0.B1.03<\/td><td>f\u00f6ldszint<\/td><td>2<\/td><td>46,20<\/td><td>11,05<\/td><td>32<\/td><td>\u00c9-NY<\/td><td><strong>FOGLALT<\/strong><\/td><\/tr><tr><td>4.<\/td><td>0.B1.04<\/td><td>f\u00f6ldszint<\/td><td>2<\/td><td>45,50<\/td><td>10,75<\/td><td>25<\/td><td>\u00c9-NY<\/td><td><strong>FOGLALT<\/strong><\/td><\/tr><tr><td>5.<\/td><td>1.B1.01<\/td><td>els\u0151<\/td><td>3<\/td><td>74,34<\/td><td>8,78<\/td><td>&#8211;<\/td><td>D-NY<\/td><td>72 313 934 Ft<\/td><\/tr><tr><td>6.<\/td><td>1.B1.02<\/td><td>els\u0151<\/td><td>2<\/td><td>47,45<\/td><td>8,78<\/td><td>&#8211;<\/td><td>D<\/td><td><strong>FOGLALT<\/strong><\/td><\/tr><tr><td>7.<\/td><td>1.B1.03<\/td><td>els\u0151<\/td><td>2<\/td><td>46,38<\/td><td>8,78<\/td><td>&#8211;<\/td><td>\u00c9-K<\/td><td><strong>FOGLALT<\/strong><\/td><\/tr><tr><td>8.<\/td><td>1.B1.04<\/td><td>els\u0151<\/td><td>2<\/td><td>46,20<\/td><td>11,11<\/td><td>&#8211;<\/td><td>\u00c9-NY<\/td><td><strong>FOGLALT<\/strong><\/td><\/tr><tr><td>9.<\/td><td>1.B1.05<\/td><td>els\u0151<\/td><td>2<\/td><td>45,50<\/td><td>8,78<\/td><td>&#8211;<\/td><td>\u00c9-NY<\/td><td><strong>FOGLALT<\/strong><\/td><\/tr><tr><td>10.<\/td><td>2.B1.01<\/td><td>m\u00e1sodik<\/td><td>3<\/td><td>74,34<\/td><td>8,78<\/td><td>&#8211;<\/td><td>D-NY<\/td><td>72 313 934 Ft<\/td><\/tr><tr><td>11.<\/td><td>2.B1.02<\/td><td>m\u00e1sodik<\/td><td>2<\/td><td>46,04<\/td><td>8,78<\/td><td>&#8211;<\/td><td>\u00c9-K<\/td><td><strong>FOGLALT<\/strong><\/td><\/tr><tr><td>12.<\/td><td>2.B1.03<\/td><td>m\u00e1sodik<\/td><td>2<\/td><td>46,38<\/td><td>8,78<\/td><td>&#8211;<\/td><td>\u00c9-K<\/td><td><strong>FOGLALT<\/strong><\/td><\/tr><tr><td>13.<\/td><td>2.B1.04<\/td><td>m\u00e1sodik<\/td><td>2<\/td><td>44,68<\/td><td>11,11<\/td><td>&#8211;<\/td><td>\u00c9-NY<\/td><td><strong>FOGLALT<\/strong><\/td><\/tr><tr><td>14.<\/td><td>2.B1.05<\/td><td>m\u00e1sodik<\/td><td>2<\/td><td>45,50<\/td><td>8,78<\/td><td>&#8211;<\/td><td>\u00c9-NY<\/td><td><strong>FOGLALT<\/strong><\/td><\/tr><tr><td>15.<\/td><td>3.B1.01<\/td><td>harmadik<\/td><td>2<\/td><td>42,14<\/td><td>17,53<\/td><td>&#8211;<\/td><td>D-NY<\/td><td><strong>FOGLALT<\/strong><\/td><\/tr><tr><td>16.<\/td><td>3.B1.02<\/td><td>harmadik<\/td><td>3<\/td><td>62,78<\/td><td>37,80<\/td><td>&#8211;<\/td><td>\u00c9-K<\/td><td><strong>FOGLALT<\/strong><\/td><\/tr><tr><td>17.<\/td><td>3.B1.03<\/td><td>harmadik<\/td><td>3<\/td><td>72,69<\/td><td>35,29<\/td><td>&#8211;<\/td><td>\u00c9-NY<\/td><td>83 113 002 Ft<\/td><\/tr><\/tbody><\/table><\/figure>\n\n\n\n<p>\ud83d\udcde <strong>\u00c9rdekl\u0151dj most \u2013 mert a legjobb lak\u00e1sok el\u0151sz\u00f6r fogynak el.<\/strong><br>Telefon: +36-20\/287-5432<\/p>\n\n\n\n<p>E-mail: liget@globalotthon.hu<br><\/p>\n\n\n<div class=\"pgc-sgb-cb wp-block-pgcsimplygalleryblock-slider \" data-gallery-id=\"7cf45237\"style=&quot;min-height:400px&quot;><div class=\"sgb-preloader\" id=\"pr_7cf45237\">\n\t<div class=\"sgb-square\" style=\"background:#d4d4d4\"><\/div>\n\t<div class=\"sgb-square\" style=\"background:#d4d4d4\"><\/div>\n\t<div class=\"sgb-square\" style=\"background:#d4d4d4\"><\/div>\n\t<div class=\"sgb-square\" style=\"background:#d4d4d4\"><\/div><\/div><div class=\"simply-gallery-amp pgc_sgb_slider \"><noscript><div class=\"sgb-gallery\"><div class=\"sgb-item\"><a href=\"https:\/\/ggeingatlan.hu\/site\/tatabanya-liget-lakopark\/scene-2_1\/\" target=\"_blank\"><img decoding=\"async\" alt=\"\" width=\"300\" height=\"169\" loading=\"lazy\" src=\"https:\/\/ggeingatlan.hu\/site\/wp-content\/uploads\/2025\/08\/Scene-2_1-300x169.jpg\" srcset=\"https:\/\/ggeingatlan.hu\/site\/wp-content\/uploads\/2025\/08\/Scene-2_1-300x169.jpg 300w,https:\/\/ggeingatlan.hu\/site\/wp-content\/uploads\/2025\/08\/Scene-2_1-1024x576.jpg 1024w,https:\/\/ggeingatlan.hu\/site\/wp-content\/uploads\/2025\/08\/Scene-2_1-scaled.jpg 1920w\" sizes=\"auto, 250px\"\/><\/a><\/div><div class=\"sgb-item\"><a href=\"https:\/\/ggeingatlan.hu\/site\/tatabanya-liget-lakopark\/scene-3_1\/\" target=\"_blank\"><img decoding=\"async\" alt=\"\" width=\"300\" height=\"177\" loading=\"lazy\" src=\"https:\/\/ggeingatlan.hu\/site\/wp-content\/uploads\/2025\/08\/Scene-3_1-300x177.jpg\" srcset=\"https:\/\/ggeingatlan.hu\/site\/wp-content\/uploads\/2025\/08\/Scene-3_1-300x177.jpg 300w,https:\/\/ggeingatlan.hu\/site\/wp-content\/uploads\/2025\/08\/Scene-3_1-1024x603.jpg 1024w,https:\/\/ggeingatlan.hu\/site\/wp-content\/uploads\/2025\/08\/Scene-3_1-scaled.jpg 1833w\" sizes=\"auto, 250px\"\/><\/a><\/div><div class=\"sgb-item\"><a href=\"https:\/\/ggeingatlan.hu\/site\/tatabanya-liget-lakopark\/scene-8\/\" target=\"_blank\"><img decoding=\"async\" alt=\"\" width=\"300\" height=\"177\" loading=\"lazy\" src=\"https:\/\/ggeingatlan.hu\/site\/wp-content\/uploads\/2025\/08\/Scene-8-300x177.jpg\" srcset=\"https:\/\/ggeingatlan.hu\/site\/wp-content\/uploads\/2025\/08\/Scene-8-300x177.jpg 300w,https:\/\/ggeingatlan.hu\/site\/wp-content\/uploads\/2025\/08\/Scene-8-1024x603.jpg 1024w,https:\/\/ggeingatlan.hu\/site\/wp-content\/uploads\/2025\/08\/Scene-8-scaled.jpg 1833w\" sizes=\"auto, 250px\"\/><\/a><\/div><div class=\"sgb-item\"><a href=\"https:\/\/ggeingatlan.hu\/site\/tatabanya-liget-lakopark\/scene-9\/\" target=\"_blank\"><img decoding=\"async\" alt=\"\" width=\"300\" height=\"177\" loading=\"lazy\" src=\"https:\/\/ggeingatlan.hu\/site\/wp-content\/uploads\/2025\/08\/Scene-9-300x177.jpg\" srcset=\"https:\/\/ggeingatlan.hu\/site\/wp-content\/uploads\/2025\/08\/Scene-9-300x177.jpg 300w,https:\/\/ggeingatlan.hu\/site\/wp-content\/uploads\/2025\/08\/Scene-9-1024x603.jpg 1024w,https:\/\/ggeingatlan.hu\/site\/wp-content\/uploads\/2025\/08\/Scene-9-scaled.jpg 1833w\" sizes=\"auto, 250px\"\/><\/a><\/div><div class=\"sgb-item\"><a href=\"https:\/\/ggeingatlan.hu\/site\/tatabanya-liget-lakopark\/scene-10\/\" target=\"_blank\"><img decoding=\"async\" alt=\"\" width=\"300\" height=\"169\" loading=\"lazy\" src=\"https:\/\/ggeingatlan.hu\/site\/wp-content\/uploads\/2025\/08\/Scene-10-300x169.jpg\" srcset=\"https:\/\/ggeingatlan.hu\/site\/wp-content\/uploads\/2025\/08\/Scene-10-300x169.jpg 300w,https:\/\/ggeingatlan.hu\/site\/wp-content\/uploads\/2025\/08\/Scene-10-1024x576.jpg 1024w,https:\/\/ggeingatlan.hu\/site\/wp-content\/uploads\/2025\/08\/Scene-10-scaled.jpg 1920w\" sizes=\"auto, 250px\"\/><\/a><\/div><div class=\"sgb-item\"><a href=\"https:\/\/ggeingatlan.hu\/site\/tatabanya-liget-lakopark\/scene-28\/\" target=\"_blank\"><img decoding=\"async\" alt=\"\" width=\"300\" height=\"177\" loading=\"lazy\" src=\"https:\/\/ggeingatlan.hu\/site\/wp-content\/uploads\/2025\/08\/Scene-28-300x177.jpg\" srcset=\"https:\/\/ggeingatlan.hu\/site\/wp-content\/uploads\/2025\/08\/Scene-28-300x177.jpg 300w,https:\/\/ggeingatlan.hu\/site\/wp-content\/uploads\/2025\/08\/Scene-28-1024x603.jpg 1024w,https:\/\/ggeingatlan.hu\/site\/wp-content\/uploads\/2025\/08\/Scene-28-scaled.jpg 1833w\" sizes=\"auto, 250px\"\/><\/a><\/div><div class=\"sgb-item\"><a href=\"https:\/\/ggeingatlan.hu\/site\/tatabanya-liget-lakopark\/scene-29\/\" target=\"_blank\"><img decoding=\"async\" alt=\"\" width=\"300\" height=\"177\" loading=\"lazy\" src=\"https:\/\/ggeingatlan.hu\/site\/wp-content\/uploads\/2025\/08\/Scene-29-300x177.jpg\" srcset=\"https:\/\/ggeingatlan.hu\/site\/wp-content\/uploads\/2025\/08\/Scene-29-300x177.jpg 300w,https:\/\/ggeingatlan.hu\/site\/wp-content\/uploads\/2025\/08\/Scene-29-1024x603.jpg 1024w,https:\/\/ggeingatlan.hu\/site\/wp-content\/uploads\/2025\/08\/Scene-29-scaled.jpg 1833w\" sizes=\"auto, 250px\"\/><\/a><\/div><div class=\"sgb-item\"><a href=\"https:\/\/ggeingatlan.hu\/site\/tatabanya-liget-lakopark\/scene-30\/\" target=\"_blank\"><img decoding=\"async\" alt=\"\" width=\"300\" height=\"177\" loading=\"lazy\" src=\"https:\/\/ggeingatlan.hu\/site\/wp-content\/uploads\/2025\/08\/Scene-30-300x177.jpg\" srcset=\"https:\/\/ggeingatlan.hu\/site\/wp-content\/uploads\/2025\/08\/Scene-30-300x177.jpg 300w,https:\/\/ggeingatlan.hu\/site\/wp-content\/uploads\/2025\/08\/Scene-30-1024x603.jpg 1024w,https:\/\/ggeingatlan.hu\/site\/wp-content\/uploads\/2025\/08\/Scene-30-scaled.jpg 1833w\" sizes=\"auto, 250px\"\/><\/a><\/div><div class=\"sgb-item\"><a href=\"https:\/\/ggeingatlan.hu\/site\/tatabanya-liget-lakopark\/scene-31\/\" target=\"_blank\"><img decoding=\"async\" alt=\"\" width=\"300\" height=\"177\" loading=\"lazy\" src=\"https:\/\/ggeingatlan.hu\/site\/wp-content\/uploads\/2025\/08\/Scene-31-300x177.jpg\" srcset=\"https:\/\/ggeingatlan.hu\/site\/wp-content\/uploads\/2025\/08\/Scene-31-300x177.jpg 300w,https:\/\/ggeingatlan.hu\/site\/wp-content\/uploads\/2025\/08\/Scene-31-1024x603.jpg 1024w,https:\/\/ggeingatlan.hu\/site\/wp-content\/uploads\/2025\/08\/Scene-31-scaled.jpg 1833w\" sizes=\"auto, 250px\"\/><\/a><\/div><div class=\"sgb-item\"><a href=\"https:\/\/ggeingatlan.hu\/site\/tatabanya-liget-lakopark\/scene-32\/\" target=\"_blank\"><img decoding=\"async\" alt=\"\" width=\"300\" height=\"177\" loading=\"lazy\" src=\"https:\/\/ggeingatlan.hu\/site\/wp-content\/uploads\/2025\/08\/Scene-32-300x177.jpg\" srcset=\"https:\/\/ggeingatlan.hu\/site\/wp-content\/uploads\/2025\/08\/Scene-32-300x177.jpg 300w,https:\/\/ggeingatlan.hu\/site\/wp-content\/uploads\/2025\/08\/Scene-32-1024x603.jpg 1024w,https:\/\/ggeingatlan.hu\/site\/wp-content\/uploads\/2025\/08\/Scene-32-scaled.jpg 1833w\" sizes=\"auto, 250px\"\/><\/a><\/div><\/div><\/noscript><\/div><script type=\"application\/json\" class=\"sgb-data\">{\"sliderAdminWidth\":650,\"collectionColumns\":1,\"galleryType\":\"pgc_sgb_slider\",\"galleryId\":\"7cf45237\",\"images\":[{\"id\":1573,\"title\":\"Scene 2_1\",\"url\":\"https:\/\/ggeingatlan.hu\/site\/wp-content\/uploads\/2025\/08\/Scene-2_1-scaled.jpg\",\"link\":\"https:\/\/ggeingatlan.hu\/site\/tatabanya-liget-lakopark\/scene-2_1\/\",\"alt\":\"\",\"description\":\"\",\"caption\":\"\",\"mime\":\"image\/jpeg\",\"type\":\"image\",\"width\":1920,\"height\":1080,\"sizes\":{\"thumbnail\":{\"height\":150,\"width\":150,\"url\":\"https:\/\/ggeingatlan.hu\/site\/wp-content\/uploads\/2025\/08\/Scene-2_1-150x150.jpg\",\"orientation\":\"landscape\"},\"medium\":{\"height\":169,\"width\":300,\"url\":\"https:\/\/ggeingatlan.hu\/site\/wp-content\/uploads\/2025\/08\/Scene-2_1-300x169.jpg\",\"orientation\":\"landscape\"},\"large\":{\"height\":576,\"width\":1024,\"url\":\"https:\/\/ggeingatlan.hu\/site\/wp-content\/uploads\/2025\/08\/Scene-2_1-1024x576.jpg\",\"orientation\":\"landscape\"},\"full\":{\"url\":\"https:\/\/ggeingatlan.hu\/site\/wp-content\/uploads\/2025\/08\/Scene-2_1-scaled.jpg\",\"height\":1080,\"width\":1920,\"orientation\":\"landscape\"}},\"imageMeta\":{\"aperture\":\"0\",\"credit\":\"\",\"camera\":\"\",\"caption\":\"\",\"created_timestamp\":\"0\",\"copyright\":\"\",\"focal_length\":\"0\",\"iso\":\"0\",\"shutter_speed\":\"0\",\"title\":\"\",\"orientation\":\"0\",\"keywords\":[]},\"meta\":false,\"postlink\":\"https:\/\/ggeingatlan.hu\/site\/tatabanya-liget-lakopark\/scene-2_1\/\"},{\"id\":1574,\"title\":\"Scene 3_1\",\"url\":\"https:\/\/ggeingatlan.hu\/site\/wp-content\/uploads\/2025\/08\/Scene-3_1-scaled.jpg\",\"link\":\"https:\/\/ggeingatlan.hu\/site\/tatabanya-liget-lakopark\/scene-3_1\/\",\"alt\":\"\",\"description\":\"\",\"caption\":\"\",\"mime\":\"image\/jpeg\",\"type\":\"image\",\"width\":1833,\"height\":1080,\"sizes\":{\"thumbnail\":{\"height\":150,\"width\":150,\"url\":\"https:\/\/ggeingatlan.hu\/site\/wp-content\/uploads\/2025\/08\/Scene-3_1-150x150.jpg\",\"orientation\":\"landscape\"},\"medium\":{\"height\":177,\"width\":300,\"url\":\"https:\/\/ggeingatlan.hu\/site\/wp-content\/uploads\/2025\/08\/Scene-3_1-300x177.jpg\",\"orientation\":\"landscape\"},\"large\":{\"height\":603,\"width\":1024,\"url\":\"https:\/\/ggeingatlan.hu\/site\/wp-content\/uploads\/2025\/08\/Scene-3_1-1024x603.jpg\",\"orientation\":\"landscape\"},\"full\":{\"url\":\"https:\/\/ggeingatlan.hu\/site\/wp-content\/uploads\/2025\/08\/Scene-3_1-scaled.jpg\",\"height\":1080,\"width\":1833,\"orientation\":\"landscape\"}},\"imageMeta\":{\"aperture\":\"0\",\"credit\":\"\",\"camera\":\"\",\"caption\":\"\",\"created_timestamp\":\"0\",\"copyright\":\"\",\"focal_length\":\"0\",\"iso\":\"0\",\"shutter_speed\":\"0\",\"title\":\"\",\"orientation\":\"0\",\"keywords\":[]},\"meta\":false,\"postlink\":\"https:\/\/ggeingatlan.hu\/site\/tatabanya-liget-lakopark\/scene-3_1\/\"},{\"id\":1575,\"title\":\"Scene 8\",\"url\":\"https:\/\/ggeingatlan.hu\/site\/wp-content\/uploads\/2025\/08\/Scene-8-scaled.jpg\",\"link\":\"https:\/\/ggeingatlan.hu\/site\/tatabanya-liget-lakopark\/scene-8\/\",\"alt\":\"\",\"description\":\"\",\"caption\":\"\",\"mime\":\"image\/jpeg\",\"type\":\"image\",\"width\":1833,\"height\":1080,\"sizes\":{\"thumbnail\":{\"height\":150,\"width\":150,\"url\":\"https:\/\/ggeingatlan.hu\/site\/wp-content\/uploads\/2025\/08\/Scene-8-150x150.jpg\",\"orientation\":\"landscape\"},\"medium\":{\"height\":177,\"width\":300,\"url\":\"https:\/\/ggeingatlan.hu\/site\/wp-content\/uploads\/2025\/08\/Scene-8-300x177.jpg\",\"orientation\":\"landscape\"},\"large\":{\"height\":603,\"width\":1024,\"url\":\"https:\/\/ggeingatlan.hu\/site\/wp-content\/uploads\/2025\/08\/Scene-8-1024x603.jpg\",\"orientation\":\"landscape\"},\"full\":{\"url\":\"https:\/\/ggeingatlan.hu\/site\/wp-content\/uploads\/2025\/08\/Scene-8-scaled.jpg\",\"height\":1080,\"width\":1833,\"orientation\":\"landscape\"}},\"imageMeta\":{\"aperture\":\"0\",\"credit\":\"\",\"camera\":\"\",\"caption\":\"\",\"created_timestamp\":\"0\",\"copyright\":\"\",\"focal_length\":\"0\",\"iso\":\"0\",\"shutter_speed\":\"0\",\"title\":\"\",\"orientation\":\"0\",\"keywords\":[]},\"meta\":false,\"postlink\":\"https:\/\/ggeingatlan.hu\/site\/tatabanya-liget-lakopark\/scene-8\/\"},{\"id\":1576,\"title\":\"Scene 9\",\"url\":\"https:\/\/ggeingatlan.hu\/site\/wp-content\/uploads\/2025\/08\/Scene-9-scaled.jpg\",\"link\":\"https:\/\/ggeingatlan.hu\/site\/tatabanya-liget-lakopark\/scene-9\/\",\"alt\":\"\",\"description\":\"\",\"caption\":\"\",\"mime\":\"image\/jpeg\",\"type\":\"image\",\"width\":1833,\"height\":1080,\"sizes\":{\"thumbnail\":{\"height\":150,\"width\":150,\"url\":\"https:\/\/ggeingatlan.hu\/site\/wp-content\/uploads\/2025\/08\/Scene-9-150x150.jpg\",\"orientation\":\"landscape\"},\"medium\":{\"height\":177,\"width\":300,\"url\":\"https:\/\/ggeingatlan.hu\/site\/wp-content\/uploads\/2025\/08\/Scene-9-300x177.jpg\",\"orientation\":\"landscape\"},\"large\":{\"height\":603,\"width\":1024,\"url\":\"https:\/\/ggeingatlan.hu\/site\/wp-content\/uploads\/2025\/08\/Scene-9-1024x603.jpg\",\"orientation\":\"landscape\"},\"full\":{\"url\":\"https:\/\/ggeingatlan.hu\/site\/wp-content\/uploads\/2025\/08\/Scene-9-scaled.jpg\",\"height\":1080,\"width\":1833,\"orientation\":\"landscape\"}},\"imageMeta\":{\"aperture\":\"0\",\"credit\":\"\",\"camera\":\"\",\"caption\":\"\",\"created_timestamp\":\"0\",\"copyright\":\"\",\"focal_length\":\"0\",\"iso\":\"0\",\"shutter_speed\":\"0\",\"title\":\"\",\"orientation\":\"0\",\"keywords\":[]},\"meta\":false,\"postlink\":\"https:\/\/ggeingatlan.hu\/site\/tatabanya-liget-lakopark\/scene-9\/\"},{\"id\":1577,\"title\":\"Scene 10\",\"url\":\"https:\/\/ggeingatlan.hu\/site\/wp-content\/uploads\/2025\/08\/Scene-10-scaled.jpg\",\"link\":\"https:\/\/ggeingatlan.hu\/site\/tatabanya-liget-lakopark\/scene-10\/\",\"alt\":\"\",\"description\":\"\",\"caption\":\"\",\"mime\":\"image\/jpeg\",\"type\":\"image\",\"width\":1920,\"height\":1080,\"sizes\":{\"thumbnail\":{\"height\":150,\"width\":150,\"url\":\"https:\/\/ggeingatlan.hu\/site\/wp-content\/uploads\/2025\/08\/Scene-10-150x150.jpg\",\"orientation\":\"landscape\"},\"medium\":{\"height\":169,\"width\":300,\"url\":\"https:\/\/ggeingatlan.hu\/site\/wp-content\/uploads\/2025\/08\/Scene-10-300x169.jpg\",\"orientation\":\"landscape\"},\"large\":{\"height\":576,\"width\":1024,\"url\":\"https:\/\/ggeingatlan.hu\/site\/wp-content\/uploads\/2025\/08\/Scene-10-1024x576.jpg\",\"orientation\":\"landscape\"},\"full\":{\"url\":\"https:\/\/ggeingatlan.hu\/site\/wp-content\/uploads\/2025\/08\/Scene-10-scaled.jpg\",\"height\":1080,\"width\":1920,\"orientation\":\"landscape\"}},\"imageMeta\":{\"aperture\":\"0\",\"credit\":\"\",\"camera\":\"\",\"caption\":\"\",\"created_timestamp\":\"0\",\"copyright\":\"\",\"focal_length\":\"0\",\"iso\":\"0\",\"shutter_speed\":\"0\",\"title\":\"\",\"orientation\":\"0\",\"keywords\":[]},\"meta\":false,\"postlink\":\"https:\/\/ggeingatlan.hu\/site\/tatabanya-liget-lakopark\/scene-10\/\"},{\"id\":1578,\"title\":\"Scene 28\",\"url\":\"https:\/\/ggeingatlan.hu\/site\/wp-content\/uploads\/2025\/08\/Scene-28-scaled.jpg\",\"link\":\"https:\/\/ggeingatlan.hu\/site\/tatabanya-liget-lakopark\/scene-28\/\",\"alt\":\"\",\"description\":\"\",\"caption\":\"\",\"mime\":\"image\/jpeg\",\"type\":\"image\",\"width\":1833,\"height\":1080,\"sizes\":{\"thumbnail\":{\"height\":150,\"width\":150,\"url\":\"https:\/\/ggeingatlan.hu\/site\/wp-content\/uploads\/2025\/08\/Scene-28-150x150.jpg\",\"orientation\":\"landscape\"},\"medium\":{\"height\":177,\"width\":300,\"url\":\"https:\/\/ggeingatlan.hu\/site\/wp-content\/uploads\/2025\/08\/Scene-28-300x177.jpg\",\"orientation\":\"landscape\"},\"large\":{\"height\":603,\"width\":1024,\"url\":\"https:\/\/ggeingatlan.hu\/site\/wp-content\/uploads\/2025\/08\/Scene-28-1024x603.jpg\",\"orientation\":\"landscape\"},\"full\":{\"url\":\"https:\/\/ggeingatlan.hu\/site\/wp-content\/uploads\/2025\/08\/Scene-28-scaled.jpg\",\"height\":1080,\"width\":1833,\"orientation\":\"landscape\"}},\"imageMeta\":{\"aperture\":\"0\",\"credit\":\"\",\"camera\":\"\",\"caption\":\"\",\"created_timestamp\":\"0\",\"copyright\":\"\",\"focal_length\":\"0\",\"iso\":\"0\",\"shutter_speed\":\"0\",\"title\":\"\",\"orientation\":\"0\",\"keywords\":[]},\"meta\":false,\"postlink\":\"https:\/\/ggeingatlan.hu\/site\/tatabanya-liget-lakopark\/scene-28\/\"},{\"id\":1579,\"title\":\"Scene 29\",\"url\":\"https:\/\/ggeingatlan.hu\/site\/wp-content\/uploads\/2025\/08\/Scene-29-scaled.jpg\",\"link\":\"https:\/\/ggeingatlan.hu\/site\/tatabanya-liget-lakopark\/scene-29\/\",\"alt\":\"\",\"description\":\"\",\"caption\":\"\",\"mime\":\"image\/jpeg\",\"type\":\"image\",\"width\":1833,\"height\":1080,\"sizes\":{\"thumbnail\":{\"height\":150,\"width\":150,\"url\":\"https:\/\/ggeingatlan.hu\/site\/wp-content\/uploads\/2025\/08\/Scene-29-150x150.jpg\",\"orientation\":\"landscape\"},\"medium\":{\"height\":177,\"width\":300,\"url\":\"https:\/\/ggeingatlan.hu\/site\/wp-content\/uploads\/2025\/08\/Scene-29-300x177.jpg\",\"orientation\":\"landscape\"},\"large\":{\"height\":603,\"width\":1024,\"url\":\"https:\/\/ggeingatlan.hu\/site\/wp-content\/uploads\/2025\/08\/Scene-29-1024x603.jpg\",\"orientation\":\"landscape\"},\"full\":{\"url\":\"https:\/\/ggeingatlan.hu\/site\/wp-content\/uploads\/2025\/08\/Scene-29-scaled.jpg\",\"height\":1080,\"width\":1833,\"orientation\":\"landscape\"}},\"imageMeta\":{\"aperture\":\"0\",\"credit\":\"\",\"camera\":\"\",\"caption\":\"\",\"created_timestamp\":\"0\",\"copyright\":\"\",\"focal_length\":\"0\",\"iso\":\"0\",\"shutter_speed\":\"0\",\"title\":\"\",\"orientation\":\"0\",\"keywords\":[]},\"meta\":false,\"postlink\":\"https:\/\/ggeingatlan.hu\/site\/tatabanya-liget-lakopark\/scene-29\/\"},{\"id\":1580,\"title\":\"Scene 30\",\"url\":\"https:\/\/ggeingatlan.hu\/site\/wp-content\/uploads\/2025\/08\/Scene-30-scaled.jpg\",\"link\":\"https:\/\/ggeingatlan.hu\/site\/tatabanya-liget-lakopark\/scene-30\/\",\"alt\":\"\",\"description\":\"\",\"caption\":\"\",\"mime\":\"image\/jpeg\",\"type\":\"image\",\"width\":1833,\"height\":1080,\"sizes\":{\"thumbnail\":{\"height\":150,\"width\":150,\"url\":\"https:\/\/ggeingatlan.hu\/site\/wp-content\/uploads\/2025\/08\/Scene-30-150x150.jpg\",\"orientation\":\"landscape\"},\"medium\":{\"height\":177,\"width\":300,\"url\":\"https:\/\/ggeingatlan.hu\/site\/wp-content\/uploads\/2025\/08\/Scene-30-300x177.jpg\",\"orientation\":\"landscape\"},\"large\":{\"height\":603,\"width\":1024,\"url\":\"https:\/\/ggeingatlan.hu\/site\/wp-content\/uploads\/2025\/08\/Scene-30-1024x603.jpg\",\"orientation\":\"landscape\"},\"full\":{\"url\":\"https:\/\/ggeingatlan.hu\/site\/wp-content\/uploads\/2025\/08\/Scene-30-scaled.jpg\",\"height\":1080,\"width\":1833,\"orientation\":\"landscape\"}},\"imageMeta\":{\"aperture\":\"0\",\"credit\":\"\",\"camera\":\"\",\"caption\":\"\",\"created_timestamp\":\"0\",\"copyright\":\"\",\"focal_length\":\"0\",\"iso\":\"0\",\"shutter_speed\":\"0\",\"title\":\"\",\"orientation\":\"0\",\"keywords\":[]},\"meta\":false,\"postlink\":\"https:\/\/ggeingatlan.hu\/site\/tatabanya-liget-lakopark\/scene-30\/\"},{\"id\":1581,\"title\":\"Scene 31\",\"url\":\"https:\/\/ggeingatlan.hu\/site\/wp-content\/uploads\/2025\/08\/Scene-31-scaled.jpg\",\"link\":\"https:\/\/ggeingatlan.hu\/site\/tatabanya-liget-lakopark\/scene-31\/\",\"alt\":\"\",\"description\":\"\",\"caption\":\"\",\"mime\":\"image\/jpeg\",\"type\":\"image\",\"width\":1833,\"height\":1080,\"sizes\":{\"thumbnail\":{\"height\":150,\"width\":150,\"url\":\"https:\/\/ggeingatlan.hu\/site\/wp-content\/uploads\/2025\/08\/Scene-31-150x150.jpg\",\"orientation\":\"landscape\"},\"medium\":{\"height\":177,\"width\":300,\"url\":\"https:\/\/ggeingatlan.hu\/site\/wp-content\/uploads\/2025\/08\/Scene-31-300x177.jpg\",\"orientation\":\"landscape\"},\"large\":{\"height\":603,\"width\":1024,\"url\":\"https:\/\/ggeingatlan.hu\/site\/wp-content\/uploads\/2025\/08\/Scene-31-1024x603.jpg\",\"orientation\":\"landscape\"},\"full\":{\"url\":\"https:\/\/ggeingatlan.hu\/site\/wp-content\/uploads\/2025\/08\/Scene-31-scaled.jpg\",\"height\":1080,\"width\":1833,\"orientation\":\"landscape\"}},\"imageMeta\":{\"aperture\":\"0\",\"credit\":\"\",\"camera\":\"\",\"caption\":\"\",\"created_timestamp\":\"0\",\"copyright\":\"\",\"focal_length\":\"0\",\"iso\":\"0\",\"shutter_speed\":\"0\",\"title\":\"\",\"orientation\":\"0\",\"keywords\":[]},\"meta\":false,\"postlink\":\"https:\/\/ggeingatlan.hu\/site\/tatabanya-liget-lakopark\/scene-31\/\"},{\"id\":1582,\"title\":\"Scene 32\",\"url\":\"https:\/\/ggeingatlan.hu\/site\/wp-content\/uploads\/2025\/08\/Scene-32-scaled.jpg\",\"link\":\"https:\/\/ggeingatlan.hu\/site\/tatabanya-liget-lakopark\/scene-32\/\",\"alt\":\"\",\"description\":\"\",\"caption\":\"\",\"mime\":\"image\/jpeg\",\"type\":\"image\",\"width\":1833,\"height\":1080,\"sizes\":{\"thumbnail\":{\"height\":150,\"width\":150,\"url\":\"https:\/\/ggeingatlan.hu\/site\/wp-content\/uploads\/2025\/08\/Scene-32-150x150.jpg\",\"orientation\":\"landscape\"},\"medium\":{\"height\":177,\"width\":300,\"url\":\"https:\/\/ggeingatlan.hu\/site\/wp-content\/uploads\/2025\/08\/Scene-32-300x177.jpg\",\"orientation\":\"landscape\"},\"large\":{\"height\":603,\"width\":1024,\"url\":\"https:\/\/ggeingatlan.hu\/site\/wp-content\/uploads\/2025\/08\/Scene-32-1024x603.jpg\",\"orientation\":\"landscape\"},\"full\":{\"url\":\"https:\/\/ggeingatlan.hu\/site\/wp-content\/uploads\/2025\/08\/Scene-32-scaled.jpg\",\"height\":1080,\"width\":1833,\"orientation\":\"landscape\"}},\"imageMeta\":{\"aperture\":\"0\",\"credit\":\"\",\"camera\":\"\",\"caption\":\"\",\"created_timestamp\":\"0\",\"copyright\":\"\",\"focal_length\":\"0\",\"iso\":\"0\",\"shutter_speed\":\"0\",\"title\":\"\",\"orientation\":\"0\",\"keywords\":[]},\"meta\":false,\"postlink\":\"https:\/\/ggeingatlan.hu\/site\/tatabanya-liget-lakopark\/scene-32\/\"}],\"itemsMetaDataCollection\":[]}<\/script><script>(function(){if(window.PGC_SGB && window.PGC_SGB.searcher){window.PGC_SGB.searcher.initBlocks()}})()<\/script><\/div>","protected":false},"excerpt":{"rendered":"<p>Liget Lak\u00f3park \u2013 Min\u0151s\u00e9g kompromisszumok n\u00e9lk\u00fcl A Liget Lak\u00f3park Tatab\u00e1nya Kertv\u00e1ros v\u00e1rosr\u00e9sz\u00e9ben \u00e9p\u00fcl, egyed\u00fcl\u00e1ll\u00f3 m\u00f3don \u00f6tv\u00f6zve a term\u00e9szetk\u00f6zeli \u00e9let\u00e9rz\u00e9st \u00e9s a modern v\u00e1rosi k\u00e9nyelmet. A t\u00f6bb \u00fctemben megval\u00f3sul\u00f3 beruh\u00e1z\u00e1s k\u00f6zel 20.000 m\u00b2-es ter\u00fcleten helyezkedik el, amelyb\u0151l 50% z\u00f6ldfel\u00fclet ker\u00fcl kialak\u00edt\u00e1sra \u2013 ez p\u00e1ratlan ar\u00e1ny a t\u00e9rs\u00e9g \u00faj\u00e9p\u00edt\u00e9s\u0171 projektjei k\u00f6z\u00f6tt. \ud83c\udf3f A term\u00e9szet \u00f6lel\u00e9s\u00e9ben A lak\u00f3park [&hellip;]<\/p>\n","protected":false},"author":3,"featured_media":1584,"parent":0,"menu_order":1,"comment_status":"closed","ping_status":"closed","template":"","meta":{"_monsterinsights_skip_tracking":false,"_monsterinsights_sitenote_active":false,"_monsterinsights_sitenote_note":"","_monsterinsights_sitenote_category":0,"pgc_sgb_lightbox_settings":"","footnotes":""},"class_list":["post-1571","page","type-page","status-publish","has-post-thumbnail","hentry"],"aioseo_notices":[],"_links":{"self":[{"href":"https:\/\/ggeingatlan.hu\/site\/wp-json\/wp\/v2\/pages\/1571","targetHints":{"allow":["GET"]}}],"collection":[{"href":"https:\/\/ggeingatlan.hu\/site\/wp-json\/wp\/v2\/pages"}],"about":[{"href":"https:\/\/ggeingatlan.hu\/site\/wp-json\/wp\/v2\/types\/page"}],"author":[{"embeddable":true,"href":"https:\/\/ggeingatlan.hu\/site\/wp-json\/wp\/v2\/users\/3"}],"replies":[{"embeddable":true,"href":"https:\/\/ggeingatlan.hu\/site\/wp-json\/wp\/v2\/comments?post=1571"}],"version-history":[{"count":21,"href":"https:\/\/ggeingatlan.hu\/site\/wp-json\/wp\/v2\/pages\/1571\/revisions"}],"predecessor-version":[{"id":1808,"href":"https:\/\/ggeingatlan.hu\/site\/wp-json\/wp\/v2\/pages\/1571\/revisions\/1808"}],"wp:featuredmedia":[{"embeddable":true,"href":"https:\/\/ggeingatlan.hu\/site\/wp-json\/wp\/v2\/media\/1584"}],"wp:attachment":[{"href":"https:\/\/ggeingatlan.hu\/site\/wp-json\/wp\/v2\/media?parent=1571"}],"curies":[{"name":"wp","href":"https:\/\/api.w.org\/{rel}","templated":true}]}}